{"id":40273,"date":"2019-01-13T12:09:14","date_gmt":"2019-01-13T12:09:14","guid":{"rendered":"https:\/\/lamarescapela.pt\/homepage\/"},"modified":"2026-01-28T15:09:35","modified_gmt":"2026-01-28T15:09:35","slug":"homepage-es","status":"publish","type":"page","link":"https:\/\/lamarescapela.pt\/es\/","title":{"rendered":"Homepage ES"},"content":{"rendered":"\t\t<div data-elementor-type=\"wp-page\" data-elementor-id=\"40273\" class=\"elementor elementor-40273 elementor-67\" data-elementor-settings=\"{&quot;element_pack_global_tooltip_width&quot;:{&quot;unit&quot;:&quot;px&quot;,&quot;size&quot;:&quot;&quot;,&quot;sizes&quot;:[]},&quot;element_pack_global_tooltip_width_tablet&quot;:{&quot;unit&quot;:&quot;px&quot;,&quot;size&quot;:&quot;&quot;,&quot;sizes&quot;:[]},&quot;element_pack_global_tooltip_width_mobile&quot;:{&quot;unit&quot;:&quot;px&quot;,&quot;size&quot;:&quot;&quot;,&quot;sizes&quot;:[]},&quot;element_pack_global_tooltip_padding&quot;:{&quot;unit&quot;:&quot;px&quot;,&quot;top&quot;:&quot;&quot;,&quot;right&quot;:&quot;&quot;,&quot;bottom&quot;:&quot;&quot;,&quot;left&quot;:&quot;&quot;,&quot;isLinked&quot;:true},&quot;element_pack_global_tooltip_padding_tablet&quot;:{&quot;unit&quot;:&quot;px&quot;,&quot;top&quot;:&quot;&quot;,&quot;right&quot;:&quot;&quot;,&quot;bottom&quot;:&quot;&quot;,&quot;left&quot;:&quot;&quot;,&quot;isLinked&quot;:true},&quot;element_pack_global_tooltip_padding_mobile&quot;:{&quot;unit&quot;:&quot;px&quot;,&quot;top&quot;:&quot;&quot;,&quot;right&quot;:&quot;&quot;,&quot;bottom&quot;:&quot;&quot;,&quot;left&quot;:&quot;&quot;,&quot;isLinked&quot;:true},&quot;element_pack_global_tooltip_border_radius&quot;:{&quot;unit&quot;:&quot;px&quot;,&quot;top&quot;:&quot;&quot;,&quot;right&quot;:&quot;&quot;,&quot;bottom&quot;:&quot;&quot;,&quot;left&quot;:&quot;&quot;,&quot;isLinked&quot;:true},&quot;element_pack_global_tooltip_border_radius_tablet&quot;:{&quot;unit&quot;:&quot;px&quot;,&quot;top&quot;:&quot;&quot;,&quot;right&quot;:&quot;&quot;,&quot;bottom&quot;:&quot;&quot;,&quot;left&quot;:&quot;&quot;,&quot;isLinked&quot;:true},&quot;element_pack_global_tooltip_border_radius_mobile&quot;:{&quot;unit&quot;:&quot;px&quot;,&quot;top&quot;:&quot;&quot;,&quot;right&quot;:&quot;&quot;,&quot;bottom&quot;:&quot;&quot;,&quot;left&quot;:&quot;&quot;,&quot;isLinked&quot;:true}}\" data-elementor-post-type=\"page\">\n\t\t\t\t<div class=\"elementor-element elementor-element-84786aa e-con-full e-flex e-con e-parent\" data-id=\"84786aa\" data-element_type=\"container\" data-e-type=\"container\">\n\t\t\t\t<div class=\"elementor-element elementor-element-3b4616e elementor-arrows-position-inside elementor-widget elementor-widget-loop-carousel\" data-id=\"3b4616e\" data-element_type=\"widget\" data-e-type=\"widget\" data-settings=\"{&quot;template_id&quot;:41537,&quot;slides_to_show&quot;:&quot;1&quot;,&quot;slides_to_show_tablet&quot;:&quot;1&quot;,&quot;slides_to_scroll_mobile&quot;:&quot;1&quot;,&quot;speed&quot;:600,&quot;image_spacing_custom&quot;:{&quot;unit&quot;:&quot;px&quot;,&quot;size&quot;:0,&quot;sizes&quot;:[]},&quot;image_spacing_custom_tablet&quot;:{&quot;unit&quot;:&quot;px&quot;,&quot;size&quot;:0,&quot;sizes&quot;:[]},&quot;image_spacing_custom_mobile&quot;:{&quot;unit&quot;:&quot;px&quot;,&quot;size&quot;:0,&quot;sizes&quot;:[]},&quot;_skin&quot;:&quot;post&quot;,&quot;slides_to_show_mobile&quot;:&quot;1&quot;,&quot;slides_to_scroll&quot;:&quot;1&quot;,&quot;edit_handle_selector&quot;:&quot;.elementor-loop-container&quot;,&quot;autoplay&quot;:&quot;yes&quot;,&quot;autoplay_speed&quot;:5000,&quot;infinite&quot;:&quot;yes&quot;,&quot;offset_sides&quot;:&quot;none&quot;,&quot;arrows&quot;:&quot;yes&quot;}\" data-widget_type=\"loop-carousel.post\">\n\t\t\t\t<div class=\"elementor-widget-container\">\n\t\t\t\t\t\t\t<div class=\"swiper elementor-loop-container elementor-grid\" role=\"list\" dir=\"ltr\">\n\t\t\t\t<div class=\"swiper-wrapper\" aria-live=\"off\">\n\t\t<style id=\"loop-dynamic-41537\">.e-loop-item-96765 .elementor-element.elementor-element-a9c374a:not(.elementor-motion-effects-element-type-background), .e-loop-item-96765 .elementor-element.elementor-element-a9c374a > .elementor-motion-effects-container > .elementor-motion-effects-layer{background-image:url(\"https:\/\/lamarescapela.pt\/wp-content\/uploads\/habitacao-e-urbanismo-em-2026-pacote-jovem-arrendamento-e-iva-a-6.jpg\");}<\/style><style id=\"loop-41537\">.elementor-41537 .elementor-element.elementor-element-a9c374a{--display:flex;--min-height:500px;--justify-content:center;--align-items:flex-start;--container-widget-width:calc( ( 1 - var( --container-widget-flex-grow ) ) * 100% );--overlay-opacity:0.8;--padding-top:0px;--padding-bottom:0px;--padding-left:0px;--padding-right:0px;}.elementor-41537 .elementor-element.elementor-element-a9c374a:not(.elementor-motion-effects-element-type-background), .elementor-41537 .elementor-element.elementor-element-a9c374a > .elementor-motion-effects-container > .elementor-motion-effects-layer{background-position:center center;background-repeat:no-repeat;background-size:cover;}.elementor-41537 .elementor-element.elementor-element-a9c374a::before, .elementor-41537 .elementor-element.elementor-element-a9c374a > .elementor-background-video-container::before, .elementor-41537 .elementor-element.elementor-element-a9c374a > .e-con-inner > .elementor-background-video-container::before, .elementor-41537 .elementor-element.elementor-element-a9c374a > .elementor-background-slideshow::before, .elementor-41537 .elementor-element.elementor-element-a9c374a > .e-con-inner > .elementor-background-slideshow::before, .elementor-41537 .elementor-element.elementor-element-a9c374a > .elementor-motion-effects-container > .elementor-motion-effects-layer::before{--background-overlay:'';background-color:var( --e-global-color-primary );}.elementor-41537 .elementor-element.elementor-element-a949392{text-align:start;width:var( --container-widget-width, 66.66% );max-width:66.66%;--container-widget-width:66.66%;--container-widget-flex-grow:0;}.elementor-41537 .elementor-element.elementor-element-a949392 .elementor-heading-title{font-family:\"Barlow Condensed\", Sans-serif;font-size:48px;font-weight:500;text-transform:none;line-height:58px;color:var( --e-global-color-ea3b390 );}.elementor-41537 .elementor-element.elementor-element-ac05eb5{text-align:start;width:var( --container-widget-width, 800px );max-width:800px;--container-widget-width:800px;--container-widget-flex-grow:0;}.elementor-41537 .elementor-element.elementor-element-ac05eb5 .elementor-heading-title{font-family:\"Barlow\", Sans-serif;font-size:20px;line-height:30px;color:var( --e-global-color-ea3b390 );}.elementor-41537 .elementor-element.elementor-element-ac05eb5 > .elementor-widget-container{padding:0px 0px 10px 0px;}.elementor-41537 .elementor-element.elementor-element-27b8244 .elementor-button{font-family:\"Barlow\", Sans-serif;font-size:16px;font-weight:500;text-transform:uppercase;fill:var( --e-global-color-primary );color:var( --e-global-color-primary );background-color:var( --e-global-color-ea3b390 );border-radius:3px 3px 3px 3px;}.elementor-41537 .elementor-element.elementor-element-27b8244 .elementor-button:hover, .elementor-41537 .elementor-element.elementor-element-27b8244 .elementor-button:focus{color:var( --e-global-color-ea3b390 );background-color:var( --e-global-color-secondary );}.elementor-41537 .elementor-element.elementor-element-27b8244 .elementor-button:hover svg, .elementor-41537 .elementor-element.elementor-element-27b8244 .elementor-button:focus svg{fill:var( --e-global-color-ea3b390 );}.elementor-41537 .elementor-element.elementor-element-27b8244{width:var( --container-widget-width, 200px );max-width:200px;--container-widget-width:200px;--container-widget-flex-grow:0;}@media(max-width:1024px){.elementor-41537 .elementor-element.elementor-element-a9c374a{--min-height:400px;--padding-top:75px;--padding-bottom:75px;--padding-left:75px;--padding-right:75px;}.elementor-41537 .elementor-element.elementor-element-a949392 .elementor-heading-title{font-size:34px;line-height:44px;}.elementor-41537 .elementor-element.elementor-element-a949392{--container-widget-width:85%;--container-widget-flex-grow:0;width:var( --container-widget-width, 85% );max-width:85%;}.elementor-41537 .elementor-element.elementor-element-ac05eb5 .elementor-heading-title{font-size:18px;line-height:28px;}.elementor-41537 .elementor-element.elementor-element-ac05eb5{--container-widget-width:100%;--container-widget-flex-grow:0;width:var( --container-widget-width, 100% );max-width:100%;}}@media(max-width:767px){.elementor-41537 .elementor-element.elementor-element-a9c374a{--min-height:300px;--padding-top:40px;--padding-bottom:40px;--padding-left:40px;--padding-right:40px;}.elementor-41537 .elementor-element.elementor-element-a949392 .elementor-heading-title{font-size:26px;line-height:36px;letter-spacing:0.5px;}.elementor-41537 .elementor-element.elementor-element-a949392{--container-widget-width:100%;--container-widget-flex-grow:0;width:var( --container-widget-width, 100% );max-width:100%;}.elementor-41537 .elementor-element.elementor-element-ac05eb5 .elementor-heading-title{font-size:16px;line-height:26px;}}<\/style>\t\t<div data-elementor-type=\"loop-item\" data-elementor-id=\"41537\" class=\"elementor elementor-41537 elementor-41439 elementor-41439 swiper-slide e-loop-item e-loop-item-96765 post-96765 post type-post status-publish format-standard has-post-thumbnail hentry category-conocimiento category-inmuebles\" data-elementor-post-type=\"elementor_library\" role=\"group\" aria-roledescription=\"slide\" data-custom-edit-handle=\"1\">\n\t\t\t<div class=\"elementor-element elementor-element-a9c374a e-flex e-con-boxed e-con e-parent\" data-id=\"a9c374a\" data-element_type=\"container\" data-e-type=\"container\" data-settings=\"{&quot;background_background&quot;:&quot;classic&quot;}\">\n\t\t\t\t\t<div class=\"e-con-inner\">\n\t\t\t\t<div class=\"elementor-element elementor-element-a949392 elementor-widget__width-initial elementor-widget elementor-widget-heading\" data-id=\"a949392\" data-element_type=\"widget\" data-e-type=\"widget\" data-widget_type=\"heading.default\">\n\t\t\t\t<div class=\"elementor-widget-container\">\n\t\t\t\t\t<h2 class=\"elementor-heading-title elementor-size-default\"><a href=\"https:\/\/lamarescapela.pt\/es\/vivienda-y-urbanismo-en-2026-paquete-joven-alquiler-e-iva-al-6\/\">Vivienda y urbanismo en 2026: paquete joven, alquiler e IVA al 6%<\/a><\/h2>\t\t\t\t<\/div>\n\t\t\t\t<\/div>\n\t\t\t\t<div class=\"elementor-element elementor-element-27b8244 elementor-align-justify elementor-widget__width-initial elementor-widget elementor-widget-button\" data-id=\"27b8244\" data-element_type=\"widget\" data-e-type=\"widget\" data-widget_type=\"button.default\">\n\t\t\t\t<div class=\"elementor-widget-container\">\n\t\t\t\t\t\t\t\t\t<div class=\"elementor-button-wrapper\">\n\t\t\t\t\t<a class=\"elementor-button elementor-button-link elementor-size-sm\" href=\"https:\/\/lamarescapela.pt\/es\/vivienda-y-urbanismo-en-2026-paquete-joven-alquiler-e-iva-al-6\/\">\n\t\t\t\t\t\t<span class=\"elementor-button-content-wrapper\">\n\t\t\t\t\t\t\t\t\t<span class=\"elementor-button-text\">M\u00e1s Informaci\u00f3n<\/span>\n\t\t\t\t\t<\/span>\n\t\t\t\t\t<\/a>\n\t\t\t\t<\/div>\n\t\t\t\t\t\t\t\t<\/div>\n\t\t\t\t<\/div>\n\t\t\t\t\t<\/div>\n\t\t\t\t<\/div>\n\t\t\t\t<\/div>\n\t\t<style id=\"loop-dynamic-41537\">.e-loop-item-96753 .elementor-element.elementor-element-a9c374a:not(.elementor-motion-effects-element-type-background), .e-loop-item-96753 .elementor-element.elementor-element-a9c374a > .elementor-motion-effects-container > .elementor-motion-effects-layer{background-image:url(\"https:\/\/lamarescapela.pt\/wp-content\/uploads\/empresas-em-2026.webp\");}<\/style>\t\t<div data-elementor-type=\"loop-item\" data-elementor-id=\"41537\" class=\"elementor elementor-41537 elementor-41439 elementor-41439 swiper-slide e-loop-item e-loop-item-96753 post-96753 post type-post status-publish format-standard has-post-thumbnail hentry category-conocimiento category-derecho-fiscal category-las-empresas\" data-elementor-post-type=\"elementor_library\" role=\"group\" aria-roledescription=\"slide\" data-custom-edit-handle=\"1\">\n\t\t\t<div class=\"elementor-element elementor-element-a9c374a e-flex e-con-boxed e-con e-parent\" data-id=\"a9c374a\" data-element_type=\"container\" data-e-type=\"container\" data-settings=\"{&quot;background_background&quot;:&quot;classic&quot;}\">\n\t\t\t\t\t<div class=\"e-con-inner\">\n\t\t\t\t<div class=\"elementor-element elementor-element-a949392 elementor-widget__width-initial elementor-widget elementor-widget-heading\" data-id=\"a949392\" data-element_type=\"widget\" data-e-type=\"widget\" data-widget_type=\"heading.default\">\n\t\t\t\t<div class=\"elementor-widget-container\">\n\t\t\t\t\t<h2 class=\"elementor-heading-title elementor-size-default\"><a href=\"https:\/\/lamarescapela.pt\/es\/empresas-en-2026-nuevos-limites-para-micro-pequenas-y-medianas-empresas\/\">Empresas en 2026: nuevos l\u00edmites para micro, peque\u00f1as y medianas empresas<\/a><\/h2>\t\t\t\t<\/div>\n\t\t\t\t<\/div>\n\t\t\t\t<div class=\"elementor-element elementor-element-27b8244 elementor-align-justify elementor-widget__width-initial elementor-widget elementor-widget-button\" data-id=\"27b8244\" data-element_type=\"widget\" data-e-type=\"widget\" data-widget_type=\"button.default\">\n\t\t\t\t<div class=\"elementor-widget-container\">\n\t\t\t\t\t\t\t\t\t<div class=\"elementor-button-wrapper\">\n\t\t\t\t\t<a class=\"elementor-button elementor-button-link elementor-size-sm\" href=\"https:\/\/lamarescapela.pt\/es\/empresas-en-2026-nuevos-limites-para-micro-pequenas-y-medianas-empresas\/\">\n\t\t\t\t\t\t<span class=\"elementor-button-content-wrapper\">\n\t\t\t\t\t\t\t\t\t<span class=\"elementor-button-text\">M\u00e1s Informaci\u00f3n<\/span>\n\t\t\t\t\t<\/span>\n\t\t\t\t\t<\/a>\n\t\t\t\t<\/div>\n\t\t\t\t\t\t\t\t<\/div>\n\t\t\t\t<\/div>\n\t\t\t\t\t<\/div>\n\t\t\t\t<\/div>\n\t\t\t\t<\/div>\n\t\t<style id=\"loop-dynamic-41537\">.e-loop-item-96744 .elementor-element.elementor-element-a9c374a:not(.elementor-motion-effects-element-type-background), .e-loop-item-96744 .elementor-element.elementor-element-a9c374a > .elementor-motion-effects-container > .elementor-motion-effects-layer{background-image:url(\"https:\/\/lamarescapela.pt\/wp-content\/uploads\/orcamento-do-estado-para-2026.png\");}<\/style>\t\t<div data-elementor-type=\"loop-item\" data-elementor-id=\"41537\" class=\"elementor elementor-41537 elementor-41439 elementor-41439 swiper-slide e-loop-item e-loop-item-96744 post-96744 post type-post status-publish format-standard has-post-thumbnail hentry category-conocimiento category-derecho-fiscal category-las-empresas category-informacion-general\" data-elementor-post-type=\"elementor_library\" role=\"group\" aria-roledescription=\"slide\" data-custom-edit-handle=\"1\">\n\t\t\t<div class=\"elementor-element elementor-element-a9c374a e-flex e-con-boxed e-con e-parent\" data-id=\"a9c374a\" data-element_type=\"container\" data-e-type=\"container\" data-settings=\"{&quot;background_background&quot;:&quot;classic&quot;}\">\n\t\t\t\t\t<div class=\"e-con-inner\">\n\t\t\t\t<div class=\"elementor-element elementor-element-a949392 elementor-widget__width-initial elementor-widget elementor-widget-heading\" data-id=\"a949392\" data-element_type=\"widget\" data-e-type=\"widget\" data-widget_type=\"heading.default\">\n\t\t\t\t<div class=\"elementor-widget-container\">\n\t\t\t\t\t<h2 class=\"elementor-heading-title elementor-size-default\"><a href=\"https:\/\/lamarescapela.pt\/es\/presupuesto-2026-cambios-en-el-irs-incentivos-fiscales-irc-e-imt\/\">Presupuesto 2026: cambios en el IRS, incentivos fiscales, IRC e IMT<\/a><\/h2>\t\t\t\t<\/div>\n\t\t\t\t<\/div>\n\t\t\t\t<div class=\"elementor-element elementor-element-27b8244 elementor-align-justify elementor-widget__width-initial elementor-widget elementor-widget-button\" data-id=\"27b8244\" data-element_type=\"widget\" data-e-type=\"widget\" data-widget_type=\"button.default\">\n\t\t\t\t<div class=\"elementor-widget-container\">\n\t\t\t\t\t\t\t\t\t<div class=\"elementor-button-wrapper\">\n\t\t\t\t\t<a class=\"elementor-button elementor-button-link elementor-size-sm\" href=\"https:\/\/lamarescapela.pt\/es\/presupuesto-2026-cambios-en-el-irs-incentivos-fiscales-irc-e-imt\/\">\n\t\t\t\t\t\t<span class=\"elementor-button-content-wrapper\">\n\t\t\t\t\t\t\t\t\t<span class=\"elementor-button-text\">M\u00e1s Informaci\u00f3n<\/span>\n\t\t\t\t\t<\/span>\n\t\t\t\t\t<\/a>\n\t\t\t\t<\/div>\n\t\t\t\t\t\t\t\t<\/div>\n\t\t\t\t<\/div>\n\t\t\t\t\t<\/div>\n\t\t\t\t<\/div>\n\t\t\t\t<\/div>\n\t\t\t\t<\/div>\n\t\t<\/div>\n\t\t\t\t\t<div class=\"elementor-swiper-button elementor-swiper-button-prev\" role=\"button\" tabindex=\"0\" aria-label=\"Anterior\">\n\t\t\t\t<i aria-hidden=\"true\" class=\"eicon-chevron-left\"><\/i>\t\t\t<\/div>\n\t\t\t<div class=\"elementor-swiper-button elementor-swiper-button-next\" role=\"button\" tabindex=\"0\" aria-label=\"Siguiente\">\n\t\t\t\t<i aria-hidden=\"true\" class=\"eicon-chevron-right\"><\/i>\t\t\t<\/div>\n\t\t\t\t\t\t<\/div>\n\t\t\t\t<\/div>\n\t\t\t\t<\/div>\n\t\t<div class=\"elementor-element elementor-element-bd5e065 e-flex e-con-boxed e-con e-parent\" data-id=\"bd5e065\" data-element_type=\"container\" data-e-type=\"container\" data-settings=\"{&quot;background_background&quot;:&quot;classic&quot;}\">\n\t\t\t\t\t<div class=\"e-con-inner\">\n\t\t<div class=\"elementor-element elementor-element-8b4a5d1 e-con-full e-flex e-con e-child\" data-id=\"8b4a5d1\" data-element_type=\"container\" data-e-type=\"container\" data-settings=\"{&quot;background_background&quot;:&quot;classic&quot;}\">\n\t\t\t\t<div class=\"elementor-element elementor-element-5d8610d elementor-widget elementor-widget-icon-box\" data-id=\"5d8610d\" data-element_type=\"widget\" data-e-type=\"widget\" data-widget_type=\"icon-box.default\">\n\t\t\t\t<div class=\"elementor-widget-container\">\n\t\t\t\t\t\t\t<div class=\"elementor-icon-box-wrapper\">\n\n\t\t\t\n\t\t\t\t\t\t<div class=\"elementor-icon-box-content\">\n\n\t\t\t\t\t\t\t\t\t<h3 class=\"elementor-icon-box-title\">\n\t\t\t\t\t\t<span  >\n\t\t\t\t\t\t\tIntegridad\t\t\t\t\t\t<\/span>\n\t\t\t\t\t<\/h3>\n\t\t\t\t\n\t\t\t\t\t\t\t\t\t<p class=\"elementor-icon-box-description\">\n\t\t\t\t\t\tActuamos con justicia y lealtad, teniendo la \u00e9tica profesional como prioridad.\t\t\t\t\t<\/p>\n\t\t\t\t\n\t\t\t<\/div>\n\t\t\t\n\t\t<\/div>\n\t\t\t\t\t\t<\/div>\n\t\t\t\t<\/div>\n\t\t\t\t<\/div>\n\t\t<div class=\"elementor-element elementor-element-457ea52 e-con-full e-flex e-con e-child\" data-id=\"457ea52\" data-element_type=\"container\" data-e-type=\"container\">\n\t\t\t\t<div class=\"elementor-element elementor-element-b86d594 elementor-widget elementor-widget-icon-box\" data-id=\"b86d594\" data-element_type=\"widget\" data-e-type=\"widget\" data-widget_type=\"icon-box.default\">\n\t\t\t\t<div class=\"elementor-widget-container\">\n\t\t\t\t\t\t\t<div class=\"elementor-icon-box-wrapper\">\n\n\t\t\t\n\t\t\t\t\t\t<div class=\"elementor-icon-box-content\">\n\n\t\t\t\t\t\t\t\t\t<h3 class=\"elementor-icon-box-title\">\n\t\t\t\t\t\t<span  >\n\t\t\t\t\t\t\tExcelencia\t\t\t\t\t\t<\/span>\n\t\t\t\t\t<\/h3>\n\t\t\t\t\n\t\t\t\t\t\t\t\t\t<p class=\"elementor-icon-box-description\">\n\t\t\t\t\t\tEstamos orgullosos del servicio que brindamos.\t\t\t\t\t<\/p>\n\t\t\t\t\n\t\t\t<\/div>\n\t\t\t\n\t\t<\/div>\n\t\t\t\t\t\t<\/div>\n\t\t\t\t<\/div>\n\t\t\t\t<\/div>\n\t\t<div class=\"elementor-element elementor-element-98bdfac e-con-full e-flex e-con e-child\" data-id=\"98bdfac\" data-element_type=\"container\" data-e-type=\"container\">\n\t\t\t\t<div class=\"elementor-element elementor-element-8500a54 elementor-widget elementor-widget-icon-box\" data-id=\"8500a54\" data-element_type=\"widget\" data-e-type=\"widget\" data-widget_type=\"icon-box.default\">\n\t\t\t\t<div class=\"elementor-widget-container\">\n\t\t\t\t\t\t\t<div class=\"elementor-icon-box-wrapper\">\n\n\t\t\t\n\t\t\t\t\t\t<div class=\"elementor-icon-box-content\">\n\n\t\t\t\t\t\t\t\t\t<h3 class=\"elementor-icon-box-title\">\n\t\t\t\t\t\t<span  >\n\t\t\t\t\t\t\tProximidad\t\t\t\t\t\t<\/span>\n\t\t\t\t\t<\/h3>\n\t\t\t\t\n\t\t\t\t\t\t\t\t\t<p class=\"elementor-icon-box-description\">\n\t\t\t\t\t\tEstamos atentos a las necesidades de nuestros clientes y disponibles para ellos.\t\t\t\t\t<\/p>\n\t\t\t\t\n\t\t\t<\/div>\n\t\t\t\n\t\t<\/div>\n\t\t\t\t\t\t<\/div>\n\t\t\t\t<\/div>\n\t\t\t\t<\/div>\n\t\t<div class=\"elementor-element elementor-element-56b0f49 e-con-full e-flex e-con e-child\" data-id=\"56b0f49\" data-element_type=\"container\" data-e-type=\"container\">\n\t\t\t\t<div class=\"elementor-element elementor-element-20e911e elementor-widget elementor-widget-icon-box\" data-id=\"20e911e\" data-element_type=\"widget\" data-e-type=\"widget\" data-widget_type=\"icon-box.default\">\n\t\t\t\t<div class=\"elementor-widget-container\">\n\t\t\t\t\t\t\t<div class=\"elementor-icon-box-wrapper\">\n\n\t\t\t\n\t\t\t\t\t\t<div class=\"elementor-icon-box-content\">\n\n\t\t\t\t\t\t\t\t\t<h3 class=\"elementor-icon-box-title\">\n\t\t\t\t\t\t<span  >\n\t\t\t\t\t\t\tAgilidad\t\t\t\t\t\t<\/span>\n\t\t\t\t\t<\/h3>\n\t\t\t\t\n\t\t\t\t\t\t\t\t\t<p class=\"elementor-icon-box-description\">\n\t\t\t\t\t\tSomos innovadores y tenemos una pol\u00edtica de respuesta r\u00e1pida.\t\t\t\t\t<\/p>\n\t\t\t\t\n\t\t\t<\/div>\n\t\t\t\n\t\t<\/div>\n\t\t\t\t\t\t<\/div>\n\t\t\t\t<\/div>\n\t\t\t\t<\/div>\n\t\t<div class=\"elementor-element elementor-element-9c030ff e-con-full e-flex e-con e-child\" data-id=\"9c030ff\" data-element_type=\"container\" data-e-type=\"container\">\n\t\t\t\t<div class=\"elementor-element elementor-element-384bc3f elementor-widget elementor-widget-icon-box\" data-id=\"384bc3f\" data-element_type=\"widget\" data-e-type=\"widget\" data-widget_type=\"icon-box.default\">\n\t\t\t\t<div class=\"elementor-widget-container\">\n\t\t\t\t\t\t\t<div class=\"elementor-icon-box-wrapper\">\n\n\t\t\t\n\t\t\t\t\t\t<div class=\"elementor-icon-box-content\">\n\n\t\t\t\t\t\t\t\t\t<h3 class=\"elementor-icon-box-title\">\n\t\t\t\t\t\t<span  >\n\t\t\t\t\t\t\tFlexibilidad\t\t\t\t\t\t<\/span>\n\t\t\t\t\t<\/h3>\n\t\t\t\t\n\t\t\t\t\t\t\t\t\t<p class=\"elementor-icon-box-description\">\n\t\t\t\t\t\tSomos flexibles y personalizamos la experiencia de cada cliente.\t\t\t\t\t<\/p>\n\t\t\t\t\n\t\t\t<\/div>\n\t\t\t\n\t\t<\/div>\n\t\t\t\t\t\t<\/div>\n\t\t\t\t<\/div>\n\t\t\t\t<\/div>\n\t\t\t\t\t<\/div>\n\t\t\t\t<\/div>\n\t\t<div class=\"elementor-element elementor-element-00bf1ab e-flex e-con-boxed e-con e-parent\" data-id=\"00bf1ab\" data-element_type=\"container\" data-e-type=\"container\">\n\t\t\t\t\t<div class=\"e-con-inner\">\n\t\t\t\t<div class=\"elementor-element elementor-element-c6b4cec elementor-widget elementor-widget-heading\" data-id=\"c6b4cec\" data-element_type=\"widget\" data-e-type=\"widget\" data-widget_type=\"heading.default\">\n\t\t\t\t<div class=\"elementor-widget-container\">\n\t\t\t\t\t<h1 class=\"elementor-heading-title elementor-size-default\">Lamares, Capela &amp; Associados<\/h1>\t\t\t\t<\/div>\n\t\t\t\t<\/div>\n\t\t\t\t<div class=\"elementor-element elementor-element-71e3283 elementor-widget__width-inherit elementor-widget elementor-widget-heading\" data-id=\"71e3283\" data-element_type=\"widget\" data-e-type=\"widget\" data-widget_type=\"heading.default\">\n\t\t\t\t<div class=\"elementor-widget-container\">\n\t\t\t\t\t<h2 class=\"elementor-heading-title elementor-size-default\">Servicios m\u00e1s buscados<\/h2>\t\t\t\t<\/div>\n\t\t\t\t<\/div>\n\t\t\t\t<div class=\"elementor-element elementor-element-593fcff elementor-widget__width-inherit elementor-widget elementor-widget-heading\" data-id=\"593fcff\" data-element_type=\"widget\" data-e-type=\"widget\" data-widget_type=\"heading.default\">\n\t\t\t\t<div class=\"elementor-widget-container\">\n\t\t\t\t\t<span class=\"elementor-heading-title elementor-size-default\">Adem\u00e1s de los que se detallan a continuaci\u00f3n, prestamos todo tipo de servicios en el \u00e1rea de Extranjer\u00eda, Nacionalidad, Inmobiliario, Sociedades y Fiscal.<\/span>\t\t\t\t<\/div>\n\t\t\t\t<\/div>\n\t\t<div class=\"elementor-element elementor-element-ce2c535 e-grid e-con-full e-con e-child\" data-id=\"ce2c535\" data-element_type=\"container\" data-e-type=\"container\">\n\t\t<div class=\"elementor-element elementor-element-09e1aba e-con-full e-flex e-con e-child\" data-id=\"09e1aba\" data-element_type=\"container\" data-e-type=\"container\">\n\t\t\t\t<div class=\"elementor-element elementor-element-9509b08 elementor-widget elementor-widget-image\" data-id=\"9509b08\" data-element_type=\"widget\" data-e-type=\"widget\" data-widget_type=\"image.default\">\n\t\t\t\t<div class=\"elementor-widget-container\">\n\t\t\t\t\t\t\t\t\t\t\t\t\t\t\t\t<a href=\"https:\/\/lamarescapela.pt\/es\/empresas\/\">\n\t\t\t\t\t\t\t<img fetchpriority=\"high\" decoding=\"async\" width=\"2000\" height=\"1333\" src=\"https:\/\/lamarescapela.pt\/wp-content\/uploads\/banner_08.jpg\" class=\"attachment-full size-full wp-image-40733\" alt=\"\" srcset=\"https:\/\/lamarescapela.pt\/wp-content\/uploads\/banner_08.jpg 2000w, https:\/\/lamarescapela.pt\/wp-content\/uploads\/banner_08-600x400.jpg 600w, https:\/\/lamarescapela.pt\/wp-content\/uploads\/banner_08-768x512.jpg 768w, https:\/\/lamarescapela.pt\/wp-content\/uploads\/banner_08-1536x1024.jpg 1536w\" sizes=\"(max-width: 2000px) 100vw, 2000px\" \/>\t\t\t\t\t\t\t\t<\/a>\n\t\t\t\t\t\t\t\t\t\t\t\t\t\t\t<\/div>\n\t\t\t\t<\/div>\n\t\t\t\t<div class=\"elementor-element elementor-element-2fbdf2a elementor-widget elementor-widget-heading\" data-id=\"2fbdf2a\" data-element_type=\"widget\" data-e-type=\"widget\" data-widget_type=\"heading.default\">\n\t\t\t\t<div class=\"elementor-widget-container\">\n\t\t\t\t\t<h3 class=\"elementor-heading-title elementor-size-default\"><a href=\"https:\/\/lamarescapela.pt\/es\/empresas\/\">Empresas<\/a><\/h3>\t\t\t\t<\/div>\n\t\t\t\t<\/div>\n\t\t\t\t<div class=\"elementor-element elementor-element-8f0fd33 elementor-widget elementor-widget-heading\" data-id=\"8f0fd33\" data-element_type=\"widget\" data-e-type=\"widget\" data-widget_type=\"heading.default\">\n\t\t\t\t<div class=\"elementor-widget-container\">\n\t\t\t\t\t<span class=\"elementor-heading-title elementor-size-default\"><a href=\"https:\/\/lamarescapela.pt\/es\/empresas\/\">Servicios para empresarios, emprendedores, empresas nacionales e internacionales.<\/a><\/span>\t\t\t\t<\/div>\n\t\t\t\t<\/div>\n\t\t\t\t<div class=\"elementor-element elementor-element-376c232 elementor-widget-divider--view-line elementor-widget elementor-widget-divider\" data-id=\"376c232\" data-element_type=\"widget\" data-e-type=\"widget\" data-widget_type=\"divider.default\">\n\t\t\t\t<div class=\"elementor-widget-container\">\n\t\t\t\t\t\t\t<div class=\"elementor-divider\">\n\t\t\t<span class=\"elementor-divider-separator\">\n\t\t\t\t\t\t<\/span>\n\t\t<\/div>\n\t\t\t\t\t\t<\/div>\n\t\t\t\t<\/div>\n\t\t\t\t<div class=\"elementor-element elementor-element-d47b63c elementor-widget elementor-widget-button\" data-id=\"d47b63c\" data-element_type=\"widget\" data-e-type=\"widget\" data-widget_type=\"button.default\">\n\t\t\t\t<div class=\"elementor-widget-container\">\n\t\t\t\t\t\t\t\t\t<div class=\"elementor-button-wrapper\">\n\t\t\t\t\t<a class=\"elementor-button elementor-button-link elementor-size-sm\" href=\"https:\/\/lamarescapela.pt\/es\/empresas\/\">\n\t\t\t\t\t\t<span class=\"elementor-button-content-wrapper\">\n\t\t\t\t\t\t\t\t\t<span class=\"elementor-button-text\">Learn more \u00bb<\/span>\n\t\t\t\t\t<\/span>\n\t\t\t\t\t<\/a>\n\t\t\t\t<\/div>\n\t\t\t\t\t\t\t\t<\/div>\n\t\t\t\t<\/div>\n\t\t\t\t<\/div>\n\t\t<div class=\"elementor-element elementor-element-f59d124 e-con-full e-flex e-con e-child\" data-id=\"f59d124\" data-element_type=\"container\" data-e-type=\"container\">\n\t\t\t\t<div class=\"elementor-element elementor-element-d85554b elementor-widget elementor-widget-image\" data-id=\"d85554b\" data-element_type=\"widget\" data-e-type=\"widget\" data-widget_type=\"image.default\">\n\t\t\t\t<div class=\"elementor-widget-container\">\n\t\t\t\t\t\t\t\t\t\t\t\t\t\t\t\t<a href=\"https:\/\/lamarescapela.pt\/es\/fiscal\/\">\n\t\t\t\t\t\t\t<img decoding=\"async\" width=\"2000\" height=\"1333\" src=\"https:\/\/lamarescapela.pt\/wp-content\/uploads\/homepage_direito_fiscal.jpg\" class=\"attachment-full size-full wp-image-40807\" alt=\"\" srcset=\"https:\/\/lamarescapela.pt\/wp-content\/uploads\/homepage_direito_fiscal.jpg 2000w, https:\/\/lamarescapela.pt\/wp-content\/uploads\/homepage_direito_fiscal-600x400.jpg 600w, https:\/\/lamarescapela.pt\/wp-content\/uploads\/homepage_direito_fiscal-768x512.jpg 768w, https:\/\/lamarescapela.pt\/wp-content\/uploads\/homepage_direito_fiscal-1536x1024.jpg 1536w\" sizes=\"(max-width: 2000px) 100vw, 2000px\" \/>\t\t\t\t\t\t\t\t<\/a>\n\t\t\t\t\t\t\t\t\t\t\t\t\t\t\t<\/div>\n\t\t\t\t<\/div>\n\t\t\t\t<div class=\"elementor-element elementor-element-1047d9b elementor-widget elementor-widget-heading\" data-id=\"1047d9b\" data-element_type=\"widget\" data-e-type=\"widget\" data-widget_type=\"heading.default\">\n\t\t\t\t<div class=\"elementor-widget-container\">\n\t\t\t\t\t<h3 class=\"elementor-heading-title elementor-size-default\"><a href=\"https:\/\/lamarescapela.pt\/es\/fiscal\/\">Fiscal<\/a><\/h3>\t\t\t\t<\/div>\n\t\t\t\t<\/div>\n\t\t\t\t<div class=\"elementor-element elementor-element-f9a3965 elementor-widget elementor-widget-heading\" data-id=\"f9a3965\" data-element_type=\"widget\" data-e-type=\"widget\" data-widget_type=\"heading.default\">\n\t\t\t\t<div class=\"elementor-widget-container\">\n\t\t\t\t\t<span class=\"elementor-heading-title elementor-size-default\"><a href=\"https:\/\/lamarescapela.pt\/es\/fiscal\/\">Asesoramiento jur\u00eddico general en materia fiscal y tributaria.<\/a><\/span>\t\t\t\t<\/div>\n\t\t\t\t<\/div>\n\t\t\t\t<div class=\"elementor-element elementor-element-fd5094d elementor-widget-divider--view-line elementor-widget elementor-widget-divider\" data-id=\"fd5094d\" data-element_type=\"widget\" data-e-type=\"widget\" data-widget_type=\"divider.default\">\n\t\t\t\t<div class=\"elementor-widget-container\">\n\t\t\t\t\t\t\t<div class=\"elementor-divider\">\n\t\t\t<span class=\"elementor-divider-separator\">\n\t\t\t\t\t\t<\/span>\n\t\t<\/div>\n\t\t\t\t\t\t<\/div>\n\t\t\t\t<\/div>\n\t\t\t\t<div class=\"elementor-element elementor-element-e2db481 elementor-widget elementor-widget-button\" data-id=\"e2db481\" data-element_type=\"widget\" data-e-type=\"widget\" data-widget_type=\"button.default\">\n\t\t\t\t<div class=\"elementor-widget-container\">\n\t\t\t\t\t\t\t\t\t<div class=\"elementor-button-wrapper\">\n\t\t\t\t\t<a class=\"elementor-button elementor-button-link elementor-size-sm\" href=\"https:\/\/lamarescapela.pt\/es\/fiscal\/\">\n\t\t\t\t\t\t<span class=\"elementor-button-content-wrapper\">\n\t\t\t\t\t\t\t\t\t<span class=\"elementor-button-text\">Learn more \u00bb<\/span>\n\t\t\t\t\t<\/span>\n\t\t\t\t\t<\/a>\n\t\t\t\t<\/div>\n\t\t\t\t\t\t\t\t<\/div>\n\t\t\t\t<\/div>\n\t\t\t\t<\/div>\n\t\t<div class=\"elementor-element elementor-element-0667b78 e-con-full e-flex e-con e-child\" data-id=\"0667b78\" data-element_type=\"container\" data-e-type=\"container\">\n\t\t\t\t<div class=\"elementor-element elementor-element-4f524e6 elementor-widget elementor-widget-image\" data-id=\"4f524e6\" data-element_type=\"widget\" data-e-type=\"widget\" data-widget_type=\"image.default\">\n\t\t\t\t<div class=\"elementor-widget-container\">\n\t\t\t\t\t\t\t\t\t\t\t\t\t\t\t\t<a href=\"https:\/\/lamarescapela.pt\/es\/inmigracion\/\">\n\t\t\t\t\t\t\t<img decoding=\"async\" width=\"2000\" height=\"1333\" src=\"https:\/\/lamarescapela.pt\/wp-content\/uploads\/homepage_imigracao.jpg\" class=\"attachment-full size-full wp-image-40803\" alt=\"\" srcset=\"https:\/\/lamarescapela.pt\/wp-content\/uploads\/homepage_imigracao.jpg 2000w, https:\/\/lamarescapela.pt\/wp-content\/uploads\/homepage_imigracao-600x400.jpg 600w, https:\/\/lamarescapela.pt\/wp-content\/uploads\/homepage_imigracao-768x512.jpg 768w, https:\/\/lamarescapela.pt\/wp-content\/uploads\/homepage_imigracao-1536x1024.jpg 1536w\" sizes=\"(max-width: 2000px) 100vw, 2000px\" \/>\t\t\t\t\t\t\t\t<\/a>\n\t\t\t\t\t\t\t\t\t\t\t\t\t\t\t<\/div>\n\t\t\t\t<\/div>\n\t\t\t\t<div class=\"elementor-element elementor-element-84c9768 elementor-widget elementor-widget-heading\" data-id=\"84c9768\" data-element_type=\"widget\" data-e-type=\"widget\" data-widget_type=\"heading.default\">\n\t\t\t\t<div class=\"elementor-widget-container\">\n\t\t\t\t\t<h3 class=\"elementor-heading-title elementor-size-default\"><a href=\"https:\/\/lamarescapela.pt\/es\/inmigracion\/\">Inmigraci\u00f3n<\/a><\/h3>\t\t\t\t<\/div>\n\t\t\t\t<\/div>\n\t\t\t\t<div class=\"elementor-element elementor-element-73f3f72 elementor-widget elementor-widget-heading\" data-id=\"73f3f72\" data-element_type=\"widget\" data-e-type=\"widget\" data-widget_type=\"heading.default\">\n\t\t\t\t<div class=\"elementor-widget-container\">\n\t\t\t\t\t<span class=\"elementor-heading-title elementor-size-default\"><a href=\"https:\/\/lamarescapela.pt\/es\/inmigracion\/\">Seguimiento en la obtenci\u00f3n de visas y permisos de residencia.<\/a><\/span>\t\t\t\t<\/div>\n\t\t\t\t<\/div>\n\t\t\t\t<div class=\"elementor-element elementor-element-3f80058 elementor-widget-divider--view-line elementor-widget elementor-widget-divider\" data-id=\"3f80058\" data-element_type=\"widget\" data-e-type=\"widget\" data-widget_type=\"divider.default\">\n\t\t\t\t<div class=\"elementor-widget-container\">\n\t\t\t\t\t\t\t<div class=\"elementor-divider\">\n\t\t\t<span class=\"elementor-divider-separator\">\n\t\t\t\t\t\t<\/span>\n\t\t<\/div>\n\t\t\t\t\t\t<\/div>\n\t\t\t\t<\/div>\n\t\t\t\t<div class=\"elementor-element elementor-element-709c727 elementor-widget elementor-widget-button\" data-id=\"709c727\" data-element_type=\"widget\" data-e-type=\"widget\" data-widget_type=\"button.default\">\n\t\t\t\t<div class=\"elementor-widget-container\">\n\t\t\t\t\t\t\t\t\t<div class=\"elementor-button-wrapper\">\n\t\t\t\t\t<a class=\"elementor-button elementor-button-link elementor-size-sm\" href=\"https:\/\/lamarescapela.pt\/es\/inmigracion\/\">\n\t\t\t\t\t\t<span class=\"elementor-button-content-wrapper\">\n\t\t\t\t\t\t\t\t\t<span class=\"elementor-button-text\">Learn more \u00bb<\/span>\n\t\t\t\t\t<\/span>\n\t\t\t\t\t<\/a>\n\t\t\t\t<\/div>\n\t\t\t\t\t\t\t\t<\/div>\n\t\t\t\t<\/div>\n\t\t\t\t<\/div>\n\t\t<div class=\"elementor-element elementor-element-e61fd19 e-con-full e-flex e-con e-child\" data-id=\"e61fd19\" data-element_type=\"container\" data-e-type=\"container\">\n\t\t\t\t<div class=\"elementor-element elementor-element-33dc77d elementor-widget elementor-widget-image\" data-id=\"33dc77d\" data-element_type=\"widget\" data-e-type=\"widget\" data-widget_type=\"image.default\">\n\t\t\t\t<div class=\"elementor-widget-container\">\n\t\t\t\t\t\t\t\t\t\t\t\t\t\t\t\t<a href=\"https:\/\/lamarescapela.pt\/es\/inmuebles\/\">\n\t\t\t\t\t\t\t<img loading=\"lazy\" decoding=\"async\" width=\"2000\" height=\"1333\" src=\"https:\/\/lamarescapela.pt\/wp-content\/uploads\/homepage_imobiliario.jpg\" class=\"attachment-full size-full wp-image-40876\" alt=\"\" srcset=\"https:\/\/lamarescapela.pt\/wp-content\/uploads\/homepage_imobiliario.jpg 2000w, https:\/\/lamarescapela.pt\/wp-content\/uploads\/homepage_imobiliario-600x400.jpg 600w, https:\/\/lamarescapela.pt\/wp-content\/uploads\/homepage_imobiliario-768x512.jpg 768w, https:\/\/lamarescapela.pt\/wp-content\/uploads\/homepage_imobiliario-1536x1024.jpg 1536w\" sizes=\"(max-width: 2000px) 100vw, 2000px\" \/>\t\t\t\t\t\t\t\t<\/a>\n\t\t\t\t\t\t\t\t\t\t\t\t\t\t\t<\/div>\n\t\t\t\t<\/div>\n\t\t\t\t<div class=\"elementor-element elementor-element-bd8c557 elementor-widget elementor-widget-heading\" data-id=\"bd8c557\" data-element_type=\"widget\" data-e-type=\"widget\" data-widget_type=\"heading.default\">\n\t\t\t\t<div class=\"elementor-widget-container\">\n\t\t\t\t\t<h3 class=\"elementor-heading-title elementor-size-default\"><a href=\"https:\/\/lamarescapela.pt\/es\/inmuebles\/\">Inmuebles<\/a><\/h3>\t\t\t\t<\/div>\n\t\t\t\t<\/div>\n\t\t\t\t<div class=\"elementor-element elementor-element-5eea31d elementor-widget elementor-widget-heading\" data-id=\"5eea31d\" data-element_type=\"widget\" data-e-type=\"widget\" data-widget_type=\"heading.default\">\n\t\t\t\t<div class=\"elementor-widget-container\">\n\t\t\t\t\t<span class=\"elementor-heading-title elementor-size-default\"><a href=\"https:\/\/lamarescapela.pt\/es\/inmuebles\/\">Todos los servicios relacionados con inmuebles en Portugal.<\/a><\/span>\t\t\t\t<\/div>\n\t\t\t\t<\/div>\n\t\t\t\t<div class=\"elementor-element elementor-element-872c8eb elementor-widget-divider--view-line elementor-widget elementor-widget-divider\" data-id=\"872c8eb\" data-element_type=\"widget\" data-e-type=\"widget\" data-widget_type=\"divider.default\">\n\t\t\t\t<div class=\"elementor-widget-container\">\n\t\t\t\t\t\t\t<div class=\"elementor-divider\">\n\t\t\t<span class=\"elementor-divider-separator\">\n\t\t\t\t\t\t<\/span>\n\t\t<\/div>\n\t\t\t\t\t\t<\/div>\n\t\t\t\t<\/div>\n\t\t\t\t<div class=\"elementor-element elementor-element-e35059a elementor-widget elementor-widget-button\" data-id=\"e35059a\" data-element_type=\"widget\" data-e-type=\"widget\" data-widget_type=\"button.default\">\n\t\t\t\t<div class=\"elementor-widget-container\">\n\t\t\t\t\t\t\t\t\t<div class=\"elementor-button-wrapper\">\n\t\t\t\t\t<a class=\"elementor-button elementor-button-link elementor-size-sm\" href=\"https:\/\/lamarescapela.pt\/es\/inmuebles\/\">\n\t\t\t\t\t\t<span class=\"elementor-button-content-wrapper\">\n\t\t\t\t\t\t\t\t\t<span class=\"elementor-button-text\">Learn more \u00bb<\/span>\n\t\t\t\t\t<\/span>\n\t\t\t\t\t<\/a>\n\t\t\t\t<\/div>\n\t\t\t\t\t\t\t\t<\/div>\n\t\t\t\t<\/div>\n\t\t\t\t<\/div>\n\t\t<div class=\"elementor-element elementor-element-bc8f42d e-con-full e-flex e-con e-child\" data-id=\"bc8f42d\" data-element_type=\"container\" data-e-type=\"container\">\n\t\t\t\t<div class=\"elementor-element elementor-element-49e0138 elementor-widget elementor-widget-image\" data-id=\"49e0138\" data-element_type=\"widget\" data-e-type=\"widget\" data-widget_type=\"image.default\">\n\t\t\t\t<div class=\"elementor-widget-container\">\n\t\t\t\t\t\t\t\t\t\t\t\t\t\t\t\t<a href=\"https:\/\/lamarescapela.pt\/es\/nacionalidad-portuguesa\/\">\n\t\t\t\t\t\t\t<img loading=\"lazy\" decoding=\"async\" width=\"2000\" height=\"1335\" src=\"https:\/\/lamarescapela.pt\/wp-content\/uploads\/portuguese-flag-on-the-porto-city-background-1.jpg\" class=\"attachment-full size-full wp-image-40088\" alt=\"\" srcset=\"https:\/\/lamarescapela.pt\/wp-content\/uploads\/portuguese-flag-on-the-porto-city-background-1.jpg 2000w, https:\/\/lamarescapela.pt\/wp-content\/uploads\/portuguese-flag-on-the-porto-city-background-1-600x401.jpg 600w, https:\/\/lamarescapela.pt\/wp-content\/uploads\/portuguese-flag-on-the-porto-city-background-1-768x513.jpg 768w, https:\/\/lamarescapela.pt\/wp-content\/uploads\/portuguese-flag-on-the-porto-city-background-1-1536x1025.jpg 1536w\" sizes=\"(max-width: 2000px) 100vw, 2000px\" \/>\t\t\t\t\t\t\t\t<\/a>\n\t\t\t\t\t\t\t\t\t\t\t\t\t\t\t<\/div>\n\t\t\t\t<\/div>\n\t\t\t\t<div class=\"elementor-element elementor-element-3d8aeea elementor-widget elementor-widget-heading\" data-id=\"3d8aeea\" data-element_type=\"widget\" data-e-type=\"widget\" data-widget_type=\"heading.default\">\n\t\t\t\t<div class=\"elementor-widget-container\">\n\t\t\t\t\t<h3 class=\"elementor-heading-title elementor-size-default\"><a href=\"https:\/\/lamarescapela.pt\/es\/nacionalidad-portuguesa\/\">Nacionalidad Portuguesa<\/a><\/h3>\t\t\t\t<\/div>\n\t\t\t\t<\/div>\n\t\t\t\t<div class=\"elementor-element elementor-element-ead94e2 elementor-widget elementor-widget-heading\" data-id=\"ead94e2\" data-element_type=\"widget\" data-e-type=\"widget\" data-widget_type=\"heading.default\">\n\t\t\t\t<div class=\"elementor-widget-container\">\n\t\t\t\t\t<span class=\"elementor-heading-title elementor-size-default\"><a href=\"https:\/\/lamarescapela.pt\/es\/nacionalidad-portuguesa\/\">Nacionalidad, Registro Civil y Revisi\u00f3n de Sentencias Extranjeras.<\/a><\/span>\t\t\t\t<\/div>\n\t\t\t\t<\/div>\n\t\t\t\t<div class=\"elementor-element elementor-element-ad343d9 elementor-widget-divider--view-line elementor-widget elementor-widget-divider\" data-id=\"ad343d9\" data-element_type=\"widget\" data-e-type=\"widget\" data-widget_type=\"divider.default\">\n\t\t\t\t<div class=\"elementor-widget-container\">\n\t\t\t\t\t\t\t<div class=\"elementor-divider\">\n\t\t\t<span class=\"elementor-divider-separator\">\n\t\t\t\t\t\t<\/span>\n\t\t<\/div>\n\t\t\t\t\t\t<\/div>\n\t\t\t\t<\/div>\n\t\t\t\t<div class=\"elementor-element elementor-element-f0c2d78 elementor-widget elementor-widget-button\" data-id=\"f0c2d78\" data-element_type=\"widget\" data-e-type=\"widget\" data-widget_type=\"button.default\">\n\t\t\t\t<div class=\"elementor-widget-container\">\n\t\t\t\t\t\t\t\t\t<div class=\"elementor-button-wrapper\">\n\t\t\t\t\t<a class=\"elementor-button elementor-button-link elementor-size-sm\" href=\"https:\/\/lamarescapela.pt\/es\/nacionalidad-portuguesa\/\">\n\t\t\t\t\t\t<span class=\"elementor-button-content-wrapper\">\n\t\t\t\t\t\t\t\t\t<span class=\"elementor-button-text\">Learn more \u00bb<\/span>\n\t\t\t\t\t<\/span>\n\t\t\t\t\t<\/a>\n\t\t\t\t<\/div>\n\t\t\t\t\t\t\t\t<\/div>\n\t\t\t\t<\/div>\n\t\t\t\t<\/div>\n\t\t<div class=\"elementor-element elementor-element-7a2a54b e-con-full e-flex e-con e-child\" data-id=\"7a2a54b\" data-element_type=\"container\" data-e-type=\"container\">\n\t\t\t\t<div class=\"elementor-element elementor-element-c5e7061 elementor-widget elementor-widget-image\" data-id=\"c5e7061\" data-element_type=\"widget\" data-e-type=\"widget\" data-widget_type=\"image.default\">\n\t\t\t\t<div class=\"elementor-widget-container\">\n\t\t\t\t\t\t\t\t\t\t\t\t\t\t\t\t<a href=\"https:\/\/lamarescapela.pt\/es\/sucesiones\/\">\n\t\t\t\t\t\t\t<img loading=\"lazy\" decoding=\"async\" width=\"2000\" height=\"1333\" src=\"https:\/\/lamarescapela.pt\/wp-content\/uploads\/homepage_direito-das-sucessoes.jpg\" class=\"attachment-full size-full wp-image-40815\" alt=\"\" srcset=\"https:\/\/lamarescapela.pt\/wp-content\/uploads\/homepage_direito-das-sucessoes.jpg 2000w, https:\/\/lamarescapela.pt\/wp-content\/uploads\/homepage_direito-das-sucessoes-600x400.jpg 600w, https:\/\/lamarescapela.pt\/wp-content\/uploads\/homepage_direito-das-sucessoes-768x512.jpg 768w, https:\/\/lamarescapela.pt\/wp-content\/uploads\/homepage_direito-das-sucessoes-1536x1024.jpg 1536w\" sizes=\"(max-width: 2000px) 100vw, 2000px\" \/>\t\t\t\t\t\t\t\t<\/a>\n\t\t\t\t\t\t\t\t\t\t\t\t\t\t\t<\/div>\n\t\t\t\t<\/div>\n\t\t\t\t<div class=\"elementor-element elementor-element-0819711 elementor-widget elementor-widget-heading\" data-id=\"0819711\" data-element_type=\"widget\" data-e-type=\"widget\" data-widget_type=\"heading.default\">\n\t\t\t\t<div class=\"elementor-widget-container\">\n\t\t\t\t\t<h3 class=\"elementor-heading-title elementor-size-default\"><a href=\"https:\/\/lamarescapela.pt\/es\/sucesiones\/\">Sucesiones<\/a><\/h3>\t\t\t\t<\/div>\n\t\t\t\t<\/div>\n\t\t\t\t<div class=\"elementor-element elementor-element-6583a2d elementor-widget elementor-widget-heading\" data-id=\"6583a2d\" data-element_type=\"widget\" data-e-type=\"widget\" data-widget_type=\"heading.default\">\n\t\t\t\t<div class=\"elementor-widget-container\">\n\t\t\t\t\t<span class=\"elementor-heading-title elementor-size-default\"><a href=\"https:\/\/lamarescapela.pt\/es\/sucesiones\/\">Asistencia en el desempe\u00f1o y cumplimiento de obligaciones administrativas y fiscales.<\/a><\/span>\t\t\t\t<\/div>\n\t\t\t\t<\/div>\n\t\t\t\t<div class=\"elementor-element elementor-element-c9e92cf elementor-widget-divider--view-line elementor-widget elementor-widget-divider\" data-id=\"c9e92cf\" data-element_type=\"widget\" data-e-type=\"widget\" data-widget_type=\"divider.default\">\n\t\t\t\t<div class=\"elementor-widget-container\">\n\t\t\t\t\t\t\t<div class=\"elementor-divider\">\n\t\t\t<span class=\"elementor-divider-separator\">\n\t\t\t\t\t\t<\/span>\n\t\t<\/div>\n\t\t\t\t\t\t<\/div>\n\t\t\t\t<\/div>\n\t\t\t\t<div class=\"elementor-element elementor-element-3e20a71 elementor-widget elementor-widget-button\" data-id=\"3e20a71\" data-element_type=\"widget\" data-e-type=\"widget\" data-widget_type=\"button.default\">\n\t\t\t\t<div class=\"elementor-widget-container\">\n\t\t\t\t\t\t\t\t\t<div class=\"elementor-button-wrapper\">\n\t\t\t\t\t<a class=\"elementor-button elementor-button-link elementor-size-sm\" href=\"https:\/\/lamarescapela.pt\/es\/sucesiones\/\">\n\t\t\t\t\t\t<span class=\"elementor-button-content-wrapper\">\n\t\t\t\t\t\t\t\t\t<span class=\"elementor-button-text\">Learn more \u00bb<\/span>\n\t\t\t\t\t<\/span>\n\t\t\t\t\t<\/a>\n\t\t\t\t<\/div>\n\t\t\t\t\t\t\t\t<\/div>\n\t\t\t\t<\/div>\n\t\t\t\t<\/div>\n\t\t\t\t<\/div>\n\t\t\t\t\t<\/div>\n\t\t\t\t<\/div>\n\t\t<div class=\"elementor-element elementor-element-41975bc e-flex e-con-boxed e-con e-parent\" data-id=\"41975bc\" data-element_type=\"container\" data-e-type=\"container\" data-settings=\"{&quot;background_background&quot;:&quot;classic&quot;}\">\n\t\t\t\t\t<div class=\"e-con-inner\">\n\t\t\t\t<div class=\"elementor-element elementor-element-ad28b12 elementor-widget__width-inherit elementor-widget elementor-widget-heading\" data-id=\"ad28b12\" data-element_type=\"widget\" data-e-type=\"widget\" data-widget_type=\"heading.default\">\n\t\t\t\t<div class=\"elementor-widget-container\">\n\t\t\t\t\t<h4 class=\"elementor-heading-title elementor-size-default\">Equipo<\/h4>\t\t\t\t<\/div>\n\t\t\t\t<\/div>\n\t\t\t\t<div class=\"elementor-element elementor-element-44d15f7 elementor-widget__width-inherit elementor-widget elementor-widget-heading\" data-id=\"44d15f7\" data-element_type=\"widget\" data-e-type=\"widget\" data-widget_type=\"heading.default\">\n\t\t\t\t<div class=\"elementor-widget-container\">\n\t\t\t\t\t<h2 class=\"elementor-heading-title elementor-size-default\">Nuestros abogados<\/h2>\t\t\t\t<\/div>\n\t\t\t\t<\/div>\n\t\t\t\t<div class=\"elementor-element elementor-element-341ac7b elementor-widget__width-inherit elementor-widget elementor-widget-heading\" data-id=\"341ac7b\" data-element_type=\"widget\" data-e-type=\"widget\" data-widget_type=\"heading.default\">\n\t\t\t\t<div class=\"elementor-widget-container\">\n\t\t\t\t\t<span class=\"elementor-heading-title elementor-size-default\">Creamos una estrecha relaci\u00f3n de confianza con cada cliente e invertimos en ella para seguir siendo su aliado en futuros proyectos.<\/span>\t\t\t\t<\/div>\n\t\t\t\t<\/div>\n\t\t\t\t<div class=\"elementor-element elementor-element-9a7627f elementor-arrows-position-inside elementor-widget elementor-widget-n-carousel\" data-id=\"9a7627f\" data-element_type=\"widget\" data-e-type=\"widget\" data-settings=\"{&quot;carousel_items&quot;:[{&quot;slide_title&quot;:&quot;Slide #1&quot;,&quot;_id&quot;:&quot;34e702d&quot;},{&quot;slide_title&quot;:&quot;Slide #2&quot;,&quot;_id&quot;:&quot;7ebadd9&quot;},{&quot;slide_title&quot;:&quot;Slide #3&quot;,&quot;_id&quot;:&quot;1ff33ca&quot;},{&quot;_id&quot;:&quot;61ea6ed&quot;,&quot;slide_title&quot;:&quot;Slide #4&quot;},{&quot;slide_title&quot;:&quot;Slide #7&quot;,&quot;_id&quot;:&quot;e82cd96&quot;},{&quot;slide_title&quot;:&quot;Slide #6&quot;,&quot;_id&quot;:&quot;040aeff&quot;},{&quot;slide_title&quot;:&quot;Slide #9&quot;,&quot;_id&quot;:&quot;2456ccf&quot;}],&quot;slides_to_show&quot;:&quot;4&quot;,&quot;slides_to_show_tablet&quot;:&quot;3&quot;,&quot;slides_to_scroll&quot;:&quot;1&quot;,&quot;slides_to_scroll_tablet&quot;:&quot;1&quot;,&quot;slides_to_scroll_mobile&quot;:&quot;1&quot;,&quot;autoplay_speed&quot;:3500,&quot;speed&quot;:700,&quot;image_spacing_custom_tablet&quot;:{&quot;unit&quot;:&quot;px&quot;,&quot;size&quot;:10,&quot;sizes&quot;:[]},&quot;slides_to_show_mobile&quot;:&quot;1&quot;,&quot;autoplay&quot;:&quot;yes&quot;,&quot;infinite&quot;:&quot;yes&quot;,&quot;offset_sides&quot;:&quot;none&quot;,&quot;arrows&quot;:&quot;yes&quot;,&quot;image_spacing_custom&quot;:{&quot;unit&quot;:&quot;px&quot;,&quot;size&quot;:10,&quot;sizes&quot;:[]},&quot;image_spacing_custom_mobile&quot;:{&quot;unit&quot;:&quot;px&quot;,&quot;size&quot;:&quot;&quot;,&quot;sizes&quot;:[]}}\" data-widget_type=\"nested-carousel.default\">\n\t\t\t\t<div class=\"elementor-widget-container\">\n\t\t\t\t\t\t\t<div class=\"e-n-carousel swiper\" role=\"region\" aria-roledescription=\"carousel\" aria-label=\"Carousel\" dir=\"ltr\">\n\t\t\t<div class=\"swiper-wrapper\" aria-live=\"off\">\n\t\t\t\t\t\t\t\t\t\t<div class=\"swiper-slide\" data-slide=\"1\" role=\"group\" aria-roledescription=\"slide\" aria-label=\"1 of 7\">\n\t\t\t\t\t\t\t<div class=\"elementor-element elementor-element-973bd27 e-flex e-con-boxed e-con e-child\" data-id=\"973bd27\" data-element_type=\"container\" data-e-type=\"container\" data-settings=\"{&quot;background_background&quot;:&quot;classic&quot;}\">\n\t\t\t\t\t<div class=\"e-con-inner\">\n\t\t\t\t<div class=\"elementor-element elementor-element-5b5e566 elementor-widget elementor-widget-image\" data-id=\"5b5e566\" data-element_type=\"widget\" data-e-type=\"widget\" data-widget_type=\"image.default\">\n\t\t\t\t<div class=\"elementor-widget-container\">\n\t\t\t\t\t\t\t\t\t\t\t\t\t\t\t\t<a href=\"https:\/\/lamarescapela.pt\/equipa\/ana-sofia-lamares\/\">\n\t\t\t\t\t\t\t<img loading=\"lazy\" decoding=\"async\" width=\"800\" height=\"800\" src=\"https:\/\/lamarescapela.pt\/wp-content\/uploads\/ana-sofia-lamares-equipa.webp\" class=\"attachment-full size-full wp-image-52383\" alt=\"Ana Sofia Lamares\" srcset=\"https:\/\/lamarescapela.pt\/wp-content\/uploads\/ana-sofia-lamares-equipa.webp 800w, https:\/\/lamarescapela.pt\/wp-content\/uploads\/ana-sofia-lamares-equipa-768x768.webp 768w, https:\/\/lamarescapela.pt\/wp-content\/uploads\/ana-sofia-lamares-equipa-300x300.webp 300w, https:\/\/lamarescapela.pt\/wp-content\/uploads\/ana-sofia-lamares-equipa-600x600.webp 600w, https:\/\/lamarescapela.pt\/wp-content\/uploads\/ana-sofia-lamares-equipa-100x100.webp 100w\" sizes=\"(max-width: 800px) 100vw, 800px\" \/>\t\t\t\t\t\t\t\t<\/a>\n\t\t\t\t\t\t\t\t\t\t\t\t\t\t\t<\/div>\n\t\t\t\t<\/div>\n\t\t\t\t<div class=\"elementor-element elementor-element-409d906 elementor-widget elementor-widget-heading\" data-id=\"409d906\" data-element_type=\"widget\" data-e-type=\"widget\" data-widget_type=\"heading.default\">\n\t\t\t\t<div class=\"elementor-widget-container\">\n\t\t\t\t\t<h3 class=\"elementor-heading-title elementor-size-default\"><a href=\"https:\/\/lamarescapela.pt\/equipa\/ana-sofia-lamares\/\">Ana Sofia Lamares<\/a><\/h3>\t\t\t\t<\/div>\n\t\t\t\t<\/div>\n\t\t\t\t<div class=\"elementor-element elementor-element-a4e1797 elementor-widget elementor-widget-heading\" data-id=\"a4e1797\" data-element_type=\"widget\" data-e-type=\"widget\" data-widget_type=\"heading.default\">\n\t\t\t\t<div class=\"elementor-widget-container\">\n\t\t\t\t\t<h4 class=\"elementor-heading-title elementor-size-default\">Socia Fundadora<\/h4>\t\t\t\t<\/div>\n\t\t\t\t<\/div>\n\t\t\t\t\t<\/div>\n\t\t\t\t<\/div>\n\t\t\t\t\t\t\t\t<\/div>\n\t\t\t\t\t\t\t\t\t\t\t<div class=\"swiper-slide\" data-slide=\"2\" role=\"group\" aria-roledescription=\"slide\" aria-label=\"2 of 7\">\n\t\t\t\t\t\t\t<div class=\"elementor-element elementor-element-dee5e9a e-flex e-con-boxed e-con e-child\" data-id=\"dee5e9a\" data-element_type=\"container\" data-e-type=\"container\" data-settings=\"{&quot;background_background&quot;:&quot;classic&quot;}\">\n\t\t\t\t\t<div class=\"e-con-inner\">\n\t\t\t\t<div class=\"elementor-element elementor-element-78b811a elementor-widget elementor-widget-image\" data-id=\"78b811a\" data-element_type=\"widget\" data-e-type=\"widget\" data-widget_type=\"image.default\">\n\t\t\t\t<div class=\"elementor-widget-container\">\n\t\t\t\t\t\t\t\t\t\t\t\t\t\t\t\t<a href=\"https:\/\/lamarescapela.pt\/equipa\/diogo-capela\/\">\n\t\t\t\t\t\t\t<img loading=\"lazy\" decoding=\"async\" width=\"800\" height=\"800\" src=\"https:\/\/lamarescapela.pt\/wp-content\/uploads\/diogo-capela-equipa.webp\" class=\"attachment-full size-full wp-image-52387\" alt=\"Diogo Capela\" srcset=\"https:\/\/lamarescapela.pt\/wp-content\/uploads\/diogo-capela-equipa.webp 800w, https:\/\/lamarescapela.pt\/wp-content\/uploads\/diogo-capela-equipa-768x768.webp 768w, https:\/\/lamarescapela.pt\/wp-content\/uploads\/diogo-capela-equipa-300x300.webp 300w, https:\/\/lamarescapela.pt\/wp-content\/uploads\/diogo-capela-equipa-600x600.webp 600w, https:\/\/lamarescapela.pt\/wp-content\/uploads\/diogo-capela-equipa-100x100.webp 100w\" sizes=\"(max-width: 800px) 100vw, 800px\" \/>\t\t\t\t\t\t\t\t<\/a>\n\t\t\t\t\t\t\t\t\t\t\t\t\t\t\t<\/div>\n\t\t\t\t<\/div>\n\t\t\t\t<div class=\"elementor-element elementor-element-183b6f4 elementor-widget elementor-widget-heading\" data-id=\"183b6f4\" data-element_type=\"widget\" data-e-type=\"widget\" data-widget_type=\"heading.default\">\n\t\t\t\t<div class=\"elementor-widget-container\">\n\t\t\t\t\t<h3 class=\"elementor-heading-title elementor-size-default\"><a href=\"https:\/\/lamarescapela.pt\/equipa\/diogo-capela\/\">Diogo Capela<\/a><\/h3>\t\t\t\t<\/div>\n\t\t\t\t<\/div>\n\t\t\t\t<div class=\"elementor-element elementor-element-dbbdcf7 elementor-widget elementor-widget-heading\" data-id=\"dbbdcf7\" data-element_type=\"widget\" data-e-type=\"widget\" data-widget_type=\"heading.default\">\n\t\t\t\t<div class=\"elementor-widget-container\">\n\t\t\t\t\t<h4 class=\"elementor-heading-title elementor-size-default\">Socio Fundador<\/h4>\t\t\t\t<\/div>\n\t\t\t\t<\/div>\n\t\t\t\t\t<\/div>\n\t\t\t\t<\/div>\n\t\t\t\t\t\t\t\t<\/div>\n\t\t\t\t\t\t\t\t\t\t\t<div class=\"swiper-slide\" data-slide=\"3\" role=\"group\" aria-roledescription=\"slide\" aria-label=\"3 of 7\">\n\t\t\t\t\t\t\t<div class=\"elementor-element elementor-element-867cbf9 e-flex e-con-boxed e-con e-child\" data-id=\"867cbf9\" data-element_type=\"container\" data-e-type=\"container\" data-settings=\"{&quot;background_background&quot;:&quot;classic&quot;}\">\n\t\t\t\t\t<div class=\"e-con-inner\">\n\t\t\t\t<div class=\"elementor-element elementor-element-4750296 elementor-widget elementor-widget-image\" data-id=\"4750296\" data-element_type=\"widget\" data-e-type=\"widget\" data-widget_type=\"image.default\">\n\t\t\t\t<div class=\"elementor-widget-container\">\n\t\t\t\t\t\t\t\t\t\t\t\t\t\t\t\t<a href=\"https:\/\/lamarescapela.pt\/equipa\/andre-gomes-dias\/\">\n\t\t\t\t\t\t\t<img loading=\"lazy\" decoding=\"async\" width=\"800\" height=\"800\" src=\"https:\/\/lamarescapela.pt\/wp-content\/uploads\/andre-gomes-dias-equipa.webp\" class=\"attachment-full size-full wp-image-52391\" alt=\"Andr\u00e9 Gomes Dias\" srcset=\"https:\/\/lamarescapela.pt\/wp-content\/uploads\/andre-gomes-dias-equipa.webp 800w, https:\/\/lamarescapela.pt\/wp-content\/uploads\/andre-gomes-dias-equipa-768x768.webp 768w, https:\/\/lamarescapela.pt\/wp-content\/uploads\/andre-gomes-dias-equipa-300x300.webp 300w, https:\/\/lamarescapela.pt\/wp-content\/uploads\/andre-gomes-dias-equipa-600x600.webp 600w, https:\/\/lamarescapela.pt\/wp-content\/uploads\/andre-gomes-dias-equipa-100x100.webp 100w\" sizes=\"(max-width: 800px) 100vw, 800px\" \/>\t\t\t\t\t\t\t\t<\/a>\n\t\t\t\t\t\t\t\t\t\t\t\t\t\t\t<\/div>\n\t\t\t\t<\/div>\n\t\t\t\t<div class=\"elementor-element elementor-element-91bb8ba elementor-widget elementor-widget-heading\" data-id=\"91bb8ba\" data-element_type=\"widget\" data-e-type=\"widget\" data-widget_type=\"heading.default\">\n\t\t\t\t<div class=\"elementor-widget-container\">\n\t\t\t\t\t<h3 class=\"elementor-heading-title elementor-size-default\"><a href=\"https:\/\/lamarescapela.pt\/equipa\/andre-gomes-dias\/\">Andr\u00e9 Gomes Dias<\/a><\/h3>\t\t\t\t<\/div>\n\t\t\t\t<\/div>\n\t\t\t\t<div class=\"elementor-element elementor-element-a47814e elementor-widget elementor-widget-heading\" data-id=\"a47814e\" data-element_type=\"widget\" data-e-type=\"widget\" data-widget_type=\"heading.default\">\n\t\t\t\t<div class=\"elementor-widget-container\">\n\t\t\t\t\t<h4 class=\"elementor-heading-title elementor-size-default\">Abogado<\/h4>\t\t\t\t<\/div>\n\t\t\t\t<\/div>\n\t\t\t\t\t<\/div>\n\t\t\t\t<\/div>\n\t\t\t\t\t\t\t\t<\/div>\n\t\t\t\t\t\t\t\t\t\t\t<div class=\"swiper-slide\" data-slide=\"4\" role=\"group\" aria-roledescription=\"slide\" aria-label=\"4 of 7\">\n\t\t\t\t\t\t\t<div class=\"elementor-element elementor-element-4a9b92c e-flex e-con-boxed e-con e-child\" data-id=\"4a9b92c\" data-element_type=\"container\" data-e-type=\"container\" data-settings=\"{&quot;background_background&quot;:&quot;classic&quot;}\">\n\t\t\t\t\t<div class=\"e-con-inner\">\n\t\t\t\t<div class=\"elementor-element elementor-element-9687b5c elementor-widget elementor-widget-image\" data-id=\"9687b5c\" data-element_type=\"widget\" data-e-type=\"widget\" data-widget_type=\"image.default\">\n\t\t\t\t<div class=\"elementor-widget-container\">\n\t\t\t\t\t\t\t\t\t\t\t\t\t\t\t\t<a href=\"https:\/\/lamarescapela.pt\/equipa\/beatriz-lopes-tavares\/\">\n\t\t\t\t\t\t\t<img loading=\"lazy\" decoding=\"async\" width=\"800\" height=\"800\" src=\"https:\/\/lamarescapela.pt\/wp-content\/uploads\/beatriz-lopes-tavares.webp\" class=\"attachment-full size-full wp-image-75882\" alt=\"Beatriz Lopes Tavares\" srcset=\"https:\/\/lamarescapela.pt\/wp-content\/uploads\/beatriz-lopes-tavares.webp 800w, https:\/\/lamarescapela.pt\/wp-content\/uploads\/beatriz-lopes-tavares-768x768.webp 768w, https:\/\/lamarescapela.pt\/wp-content\/uploads\/beatriz-lopes-tavares-300x300.webp 300w, https:\/\/lamarescapela.pt\/wp-content\/uploads\/beatriz-lopes-tavares-600x600.webp 600w, https:\/\/lamarescapela.pt\/wp-content\/uploads\/beatriz-lopes-tavares-100x100.webp 100w\" sizes=\"(max-width: 800px) 100vw, 800px\" \/>\t\t\t\t\t\t\t\t<\/a>\n\t\t\t\t\t\t\t\t\t\t\t\t\t\t\t<\/div>\n\t\t\t\t<\/div>\n\t\t\t\t<div class=\"elementor-element elementor-element-19f3c6e elementor-widget elementor-widget-heading\" data-id=\"19f3c6e\" data-element_type=\"widget\" data-e-type=\"widget\" data-widget_type=\"heading.default\">\n\t\t\t\t<div class=\"elementor-widget-container\">\n\t\t\t\t\t<h3 class=\"elementor-heading-title elementor-size-default\"><a href=\"https:\/\/lamarescapela.pt\/equipa\/beatriz-lopes-tavares\/\">Beatriz Lopes Tavares<\/a><\/h3>\t\t\t\t<\/div>\n\t\t\t\t<\/div>\n\t\t\t\t<div class=\"elementor-element elementor-element-acc4064 elementor-widget elementor-widget-heading\" data-id=\"acc4064\" data-element_type=\"widget\" data-e-type=\"widget\" data-widget_type=\"heading.default\">\n\t\t\t\t<div class=\"elementor-widget-container\">\n\t\t\t\t\t<h4 class=\"elementor-heading-title elementor-size-default\">Abogada<\/h4>\t\t\t\t<\/div>\n\t\t\t\t<\/div>\n\t\t\t\t\t<\/div>\n\t\t\t\t<\/div>\n\t\t\t\t\t\t\t\t<\/div>\n\t\t\t\t\t\t\t\t\t\t\t<div class=\"swiper-slide\" data-slide=\"5\" role=\"group\" aria-roledescription=\"slide\" aria-label=\"5 of 7\">\n\t\t\t\t\t\t\t<div class=\"elementor-element elementor-element-48ee5bd e-flex e-con-boxed e-con e-child\" data-id=\"48ee5bd\" data-element_type=\"container\" data-e-type=\"container\" data-settings=\"{&quot;background_background&quot;:&quot;classic&quot;}\">\n\t\t\t\t\t<div class=\"e-con-inner\">\n\t\t\t\t<div class=\"elementor-element elementor-element-59308cb elementor-widget elementor-widget-image\" data-id=\"59308cb\" data-element_type=\"widget\" data-e-type=\"widget\" data-widget_type=\"image.default\">\n\t\t\t\t<div class=\"elementor-widget-container\">\n\t\t\t\t\t\t\t\t\t\t\t\t\t\t\t\t<a href=\"https:\/\/lamarescapela.pt\/equipa\/beatriz-costa-leite\/\">\n\t\t\t\t\t\t\t<img loading=\"lazy\" decoding=\"async\" width=\"800\" height=\"800\" src=\"https:\/\/lamarescapela.pt\/wp-content\/uploads\/beatriz-costa-leite.jpg\" class=\"attachment-full size-full wp-image-90388\" alt=\"Beatriz Costa Leite\" srcset=\"https:\/\/lamarescapela.pt\/wp-content\/uploads\/beatriz-costa-leite.jpg 800w, https:\/\/lamarescapela.pt\/wp-content\/uploads\/beatriz-costa-leite-768x768.jpg 768w, https:\/\/lamarescapela.pt\/wp-content\/uploads\/beatriz-costa-leite-300x300.jpg 300w, https:\/\/lamarescapela.pt\/wp-content\/uploads\/beatriz-costa-leite-600x600.jpg 600w, https:\/\/lamarescapela.pt\/wp-content\/uploads\/beatriz-costa-leite-100x100.jpg 100w\" sizes=\"(max-width: 800px) 100vw, 800px\" \/>\t\t\t\t\t\t\t\t<\/a>\n\t\t\t\t\t\t\t\t\t\t\t\t\t\t\t<\/div>\n\t\t\t\t<\/div>\n\t\t\t\t<div class=\"elementor-element elementor-element-ac562d7 elementor-widget elementor-widget-heading\" data-id=\"ac562d7\" data-element_type=\"widget\" data-e-type=\"widget\" data-widget_type=\"heading.default\">\n\t\t\t\t<div class=\"elementor-widget-container\">\n\t\t\t\t\t<h3 class=\"elementor-heading-title elementor-size-default\"><a href=\"https:\/\/lamarescapela.pt\/equipa\/beatriz-costa-leite\/\">Beatriz Costa Leite<\/a><\/h3>\t\t\t\t<\/div>\n\t\t\t\t<\/div>\n\t\t\t\t<div class=\"elementor-element elementor-element-a5ed04a elementor-widget elementor-widget-heading\" data-id=\"a5ed04a\" data-element_type=\"widget\" data-e-type=\"widget\" data-widget_type=\"heading.default\">\n\t\t\t\t<div class=\"elementor-widget-container\">\n\t\t\t\t\t<h4 class=\"elementor-heading-title elementor-size-default\">Abogada<\/h4>\t\t\t\t<\/div>\n\t\t\t\t<\/div>\n\t\t\t\t\t<\/div>\n\t\t\t\t<\/div>\n\t\t\t\t\t\t\t\t<\/div>\n\t\t\t\t\t\t\t\t\t\t\t<div class=\"swiper-slide\" data-slide=\"6\" role=\"group\" aria-roledescription=\"slide\" aria-label=\"6 of 7\">\n\t\t\t\t\t\t\t<div class=\"elementor-element elementor-element-1ec6ce8 e-flex e-con-boxed e-con e-child\" data-id=\"1ec6ce8\" data-element_type=\"container\" data-e-type=\"container\" data-settings=\"{&quot;background_background&quot;:&quot;classic&quot;}\">\n\t\t\t\t\t<div class=\"e-con-inner\">\n\t\t\t\t<div class=\"elementor-element elementor-element-7a8f0c7 elementor-widget elementor-widget-image\" data-id=\"7a8f0c7\" data-element_type=\"widget\" data-e-type=\"widget\" data-widget_type=\"image.default\">\n\t\t\t\t<div class=\"elementor-widget-container\">\n\t\t\t\t\t\t\t\t\t\t\t\t\t\t\t\t<a href=\"https:\/\/lamarescapela.pt\/equipa\/lilia-emidio-carvalho\/\">\n\t\t\t\t\t\t\t<img loading=\"lazy\" decoding=\"async\" width=\"800\" height=\"800\" src=\"https:\/\/lamarescapela.pt\/wp-content\/uploads\/lilia-emidio-carvalho-equipa.webp\" class=\"attachment-full size-full wp-image-80744\" alt=\"\" srcset=\"https:\/\/lamarescapela.pt\/wp-content\/uploads\/lilia-emidio-carvalho-equipa.webp 800w, https:\/\/lamarescapela.pt\/wp-content\/uploads\/lilia-emidio-carvalho-equipa-768x768.webp 768w, https:\/\/lamarescapela.pt\/wp-content\/uploads\/lilia-emidio-carvalho-equipa-300x300.webp 300w, https:\/\/lamarescapela.pt\/wp-content\/uploads\/lilia-emidio-carvalho-equipa-600x600.webp 600w, https:\/\/lamarescapela.pt\/wp-content\/uploads\/lilia-emidio-carvalho-equipa-100x100.webp 100w\" sizes=\"(max-width: 800px) 100vw, 800px\" \/>\t\t\t\t\t\t\t\t<\/a>\n\t\t\t\t\t\t\t\t\t\t\t\t\t\t\t<\/div>\n\t\t\t\t<\/div>\n\t\t\t\t<div class=\"elementor-element elementor-element-52e18e6 elementor-widget elementor-widget-heading\" data-id=\"52e18e6\" data-element_type=\"widget\" data-e-type=\"widget\" data-widget_type=\"heading.default\">\n\t\t\t\t<div class=\"elementor-widget-container\">\n\t\t\t\t\t<h3 class=\"elementor-heading-title elementor-size-default\"><a href=\"https:\/\/lamarescapela.pt\/equipa\/lilia-emidio-carvalho\/\">L\u00edlia Em\u00eddio Carvalho<\/a><\/h3>\t\t\t\t<\/div>\n\t\t\t\t<\/div>\n\t\t\t\t<div class=\"elementor-element elementor-element-457cb6d elementor-widget elementor-widget-heading\" data-id=\"457cb6d\" data-element_type=\"widget\" data-e-type=\"widget\" data-widget_type=\"heading.default\">\n\t\t\t\t<div class=\"elementor-widget-container\">\n\t\t\t\t\t<h4 class=\"elementor-heading-title elementor-size-default\">Abogada<\/h4>\t\t\t\t<\/div>\n\t\t\t\t<\/div>\n\t\t\t\t\t<\/div>\n\t\t\t\t<\/div>\n\t\t\t\t\t\t\t\t<\/div>\n\t\t\t\t\t\t\t\t\t\t\t<div class=\"swiper-slide\" data-slide=\"7\" role=\"group\" aria-roledescription=\"slide\" aria-label=\"7 of 7\">\n\t\t\t\t\t\t\t<div class=\"elementor-element elementor-element-32c24fe e-flex e-con-boxed e-con e-child\" data-id=\"32c24fe\" data-element_type=\"container\" data-e-type=\"container\" data-settings=\"{&quot;background_background&quot;:&quot;classic&quot;}\">\n\t\t\t\t\t<div class=\"e-con-inner\">\n\t\t\t\t<div class=\"elementor-element elementor-element-b988f6d elementor-widget elementor-widget-image\" data-id=\"b988f6d\" data-element_type=\"widget\" data-e-type=\"widget\" data-widget_type=\"image.default\">\n\t\t\t\t<div class=\"elementor-widget-container\">\n\t\t\t\t\t\t\t\t\t\t\t\t\t\t\t\t<a href=\"https:\/\/lamarescapela.pt\/equipa\/paula-ventapane-malta\/\">\n\t\t\t\t\t\t\t<img loading=\"lazy\" decoding=\"async\" width=\"800\" height=\"800\" src=\"https:\/\/lamarescapela.pt\/wp-content\/uploads\/paula-ventapane-malta.webp\" class=\"attachment-full size-full wp-image-67751\" alt=\"Paula Ventapane Malta\" srcset=\"https:\/\/lamarescapela.pt\/wp-content\/uploads\/paula-ventapane-malta.webp 800w, https:\/\/lamarescapela.pt\/wp-content\/uploads\/paula-ventapane-malta-768x768.webp 768w, https:\/\/lamarescapela.pt\/wp-content\/uploads\/paula-ventapane-malta-300x300.webp 300w, https:\/\/lamarescapela.pt\/wp-content\/uploads\/paula-ventapane-malta-600x600.webp 600w, https:\/\/lamarescapela.pt\/wp-content\/uploads\/paula-ventapane-malta-100x100.webp 100w\" sizes=\"(max-width: 800px) 100vw, 800px\" \/>\t\t\t\t\t\t\t\t<\/a>\n\t\t\t\t\t\t\t\t\t\t\t\t\t\t\t<\/div>\n\t\t\t\t<\/div>\n\t\t\t\t<div class=\"elementor-element elementor-element-02d5bf1 elementor-widget elementor-widget-heading\" data-id=\"02d5bf1\" data-element_type=\"widget\" data-e-type=\"widget\" data-widget_type=\"heading.default\">\n\t\t\t\t<div class=\"elementor-widget-container\">\n\t\t\t\t\t<h3 class=\"elementor-heading-title elementor-size-default\"><a href=\"https:\/\/lamarescapela.pt\/equipa\/paula-ventapane-malta\/\">Paula Ventapane Malta<\/a><\/h3>\t\t\t\t<\/div>\n\t\t\t\t<\/div>\n\t\t\t\t<div class=\"elementor-element elementor-element-9f18fc4 elementor-widget elementor-widget-heading\" data-id=\"9f18fc4\" data-element_type=\"widget\" data-e-type=\"widget\" data-widget_type=\"heading.default\">\n\t\t\t\t<div class=\"elementor-widget-container\">\n\t\t\t\t\t<h4 class=\"elementor-heading-title elementor-size-default\">Abogada en pr\u00e1cticas<\/h4>\t\t\t\t<\/div>\n\t\t\t\t<\/div>\n\t\t\t\t\t<\/div>\n\t\t\t\t<\/div>\n\t\t\t\t\t\t\t\t<\/div>\n\t\t\t\t\t\t\t\t<\/div>\n\t\t<\/div>\n\t\t\t\t\t<div class=\"elementor-swiper-button elementor-swiper-button-prev\" role=\"button\" tabindex=\"0\" aria-label=\"Anterior\">\n\t\t\t\t<i aria-hidden=\"true\" class=\"eicon-chevron-left\"><\/i>\t\t\t<\/div>\n\t\t\t<div class=\"elementor-swiper-button elementor-swiper-button-next\" role=\"button\" tabindex=\"0\" aria-label=\"Siguiente\">\n\t\t\t\t<i aria-hidden=\"true\" class=\"eicon-chevron-right\"><\/i>\t\t\t<\/div>\n\t\t\t\t\t\t<\/div>\n\t\t\t\t<\/div>\n\t\t\t\t\t<\/div>\n\t\t\t\t<\/div>\n\t\t<div class=\"elementor-element elementor-element-ee3c2e3 e-flex e-con-boxed e-con e-parent\" data-id=\"ee3c2e3\" data-element_type=\"container\" data-e-type=\"container\" data-settings=\"{&quot;background_background&quot;:&quot;classic&quot;}\">\n\t\t\t\t\t<div class=\"e-con-inner\">\n\t\t<div class=\"elementor-element elementor-element-a630c14 e-con-full e-flex e-con e-child\" data-id=\"a630c14\" data-element_type=\"container\" data-e-type=\"container\">\n\t\t\t\t<div class=\"elementor-element elementor-element-a1ab35d elementor-widget elementor-widget-heading\" data-id=\"a1ab35d\" data-element_type=\"widget\" data-e-type=\"widget\" data-widget_type=\"heading.default\">\n\t\t\t\t<div class=\"elementor-widget-container\">\n\t\t\t\t\t<h2 class=\"elementor-heading-title elementor-size-default\">Alcance Global<\/h2>\t\t\t\t<\/div>\n\t\t\t\t<\/div>\n\t\t\t\t<div class=\"elementor-element elementor-element-a0bc414 elementor-widget__width-initial elementor-widget elementor-widget-text-editor\" data-id=\"a0bc414\" data-element_type=\"widget\" data-e-type=\"widget\" data-widget_type=\"text-editor.default\">\n\t\t\t\t<div class=\"elementor-widget-container\">\n\t\t\t\t\t\t\t\t\t<p>Contamos con el apoyo de los m\u00e1s variados socios en Portugal y en el extranjero, con el fin de ofrecer un servicio completo con proyecci\u00f3n internacional.<\/p>\n\t\t\t\t\t\t\t\t<\/div>\n\t\t\t\t<\/div>\n\t\t\t\t<div class=\"elementor-element elementor-element-8389fb0 elementor-widget__width-initial elementor-widget elementor-widget-text-editor\" data-id=\"8389fb0\" data-element_type=\"widget\" data-e-type=\"widget\" data-widget_type=\"text-editor.default\">\n\t\t\t\t<div class=\"elementor-widget-container\">\n\t\t\t\t\t\t\t\t\t<p><strong>Si est\u00e1 interesado en unirse a nuestra red de socios, cont\u00e1ctenos.<\/strong><\/p>\n\t\t\t\t\t\t\t\t<\/div>\n\t\t\t\t<\/div>\n\t\t\t\t<\/div>\n\t\t<div class=\"elementor-element elementor-element-c5cfd1c e-con-full e-flex e-con e-child\" data-id=\"c5cfd1c\" data-element_type=\"container\" data-e-type=\"container\">\n\t\t\t\t<div class=\"elementor-element elementor-element-6394b04 elementor-align-right elementor-mobile-align-left elementor-widget elementor-widget-button\" data-id=\"6394b04\" data-element_type=\"widget\" data-e-type=\"widget\" data-widget_type=\"button.default\">\n\t\t\t\t<div class=\"elementor-widget-container\">\n\t\t\t\t\t\t\t\t\t<div class=\"elementor-button-wrapper\">\n\t\t\t\t\t<a class=\"elementor-button elementor-button-link elementor-size-sm\" href=\"https:\/\/lamarescapela.pt\/es\/contacto\/\">\n\t\t\t\t\t\t<span class=\"elementor-button-content-wrapper\">\n\t\t\t\t\t\t\t\t\t<span class=\"elementor-button-text\">Cont\u00e1ctenos<\/span>\n\t\t\t\t\t<\/span>\n\t\t\t\t\t<\/a>\n\t\t\t\t<\/div>\n\t\t\t\t\t\t\t\t<\/div>\n\t\t\t\t<\/div>\n\t\t\t\t<\/div>\n\t\t\t\t\t<\/div>\n\t\t\t\t<\/div>\n\t\t<div class=\"elementor-element elementor-element-f61b1dd e-flex e-con-boxed e-con e-parent\" data-id=\"f61b1dd\" data-element_type=\"container\" data-e-type=\"container\" data-settings=\"{&quot;background_background&quot;:&quot;classic&quot;}\">\n\t\t\t\t\t<div class=\"e-con-inner\">\n\t\t\t\t<div class=\"elementor-element elementor-element-f92a319 elementor-widget elementor-widget-heading\" data-id=\"f92a319\" data-element_type=\"widget\" data-e-type=\"widget\" data-widget_type=\"heading.default\">\n\t\t\t\t<div class=\"elementor-widget-container\">\n\t\t\t\t\t<h4 class=\"elementor-heading-title elementor-size-default\">Novedades<\/h4>\t\t\t\t<\/div>\n\t\t\t\t<\/div>\n\t\t\t\t<div class=\"elementor-element elementor-element-07499a7 elementor-widget elementor-widget-heading\" data-id=\"07499a7\" data-element_type=\"widget\" data-e-type=\"widget\" data-widget_type=\"heading.default\">\n\t\t\t\t<div class=\"elementor-widget-container\">\n\t\t\t\t\t<h2 class=\"elementor-heading-title elementor-size-default\">\u00daltimas noticias<\/h2>\t\t\t\t<\/div>\n\t\t\t\t<\/div>\n\t\t\t\t<div class=\"elementor-element elementor-element-7afdd30 elementor-widget elementor-widget-heading\" data-id=\"7afdd30\" data-element_type=\"widget\" data-e-type=\"widget\" data-widget_type=\"heading.default\">\n\t\t\t\t<div class=\"elementor-widget-container\">\n\t\t\t\t\t<span class=\"elementor-heading-title elementor-size-default\">Mant\u00e9ngase actualizado de las noticias m\u00e1s relevantes sobre nuestros \u00e1mbitos de acci\u00f3n.<\/span>\t\t\t\t<\/div>\n\t\t\t\t<\/div>\n\t\t\t\t<div class=\"elementor-element elementor-element-154f20d elementor-widget elementor-widget-spacer\" data-id=\"154f20d\" data-element_type=\"widget\" data-e-type=\"widget\" data-widget_type=\"spacer.default\">\n\t\t\t\t<div class=\"elementor-widget-container\">\n\t\t\t\t\t\t\t<div class=\"elementor-spacer\">\n\t\t\t<div class=\"elementor-spacer-inner\"><\/div>\n\t\t<\/div>\n\t\t\t\t\t\t<\/div>\n\t\t\t\t<\/div>\n\t\t\t\t<div class=\"elementor-element elementor-element-a33cdbc elementor-grid-3 elementor-grid-tablet-2 elementor-grid-mobile-1 elementor-widget elementor-widget-loop-grid\" data-id=\"a33cdbc\" data-element_type=\"widget\" data-e-type=\"widget\" data-settings=\"{&quot;template_id&quot;:41541,&quot;row_gap&quot;:{&quot;unit&quot;:&quot;px&quot;,&quot;size&quot;:0,&quot;sizes&quot;:[]},&quot;row_gap_tablet&quot;:{&quot;unit&quot;:&quot;px&quot;,&quot;size&quot;:10,&quot;sizes&quot;:[]},&quot;_skin&quot;:&quot;post&quot;,&quot;columns&quot;:&quot;3&quot;,&quot;columns_tablet&quot;:&quot;2&quot;,&quot;columns_mobile&quot;:&quot;1&quot;,&quot;edit_handle_selector&quot;:&quot;[data-elementor-type=\\&quot;loop-item\\&quot;]&quot;,&quot;row_gap_mobile&quot;:{&quot;unit&quot;:&quot;px&quot;,&quot;size&quot;:&quot;&quot;,&quot;sizes&quot;:[]}}\" data-widget_type=\"loop-grid.post\">\n\t\t\t\t<div class=\"elementor-widget-container\">\n\t\t\t\t\t\t\t<div class=\"elementor-loop-container elementor-grid\" role=\"list\">\n\t\t<style id=\"loop-41541\">.line-clamp {\r\n  display: -webkit-box;\r\n  -webkit-line-clamp: 3;\r\n  -webkit-box-orient: vertical;\r\n  overflow: hidden;\r\n}.elementor-41541 .elementor-element.elementor-element-b0ba4db{--display:flex;--gap:10px 10px;--row-gap:10px;--column-gap:10px;border-style:none;--border-style:none;--border-radius:3px 3px 3px 3px;--padding-top:0px;--padding-bottom:0px;--padding-left:0px;--padding-right:0px;}.elementor-41541 .elementor-element.elementor-element-5b9d488:hover img{filter:brightness( 90% ) contrast( 100% ) saturate( 100% ) blur( 0px ) hue-rotate( 0deg );}.elementor-41541 .elementor-element.elementor-element-5b9d488 img{border-radius:3px 3px 3px 3px;}.elementor-41541 .elementor-element.elementor-element-f3c0820{--display:flex;--flex-direction:row;--container-widget-width:initial;--container-widget-height:100%;--container-widget-flex-grow:1;--container-widget-align-self:stretch;--flex-wrap-mobile:wrap;--gap:0px 0px;--row-gap:0px;--column-gap:0px;--flex-wrap:wrap;}.elementor-41541 .elementor-element.elementor-element-412de5c .elementor-heading-title{font-size:28px;font-weight:500;}.elementor-41541 .elementor-element.elementor-element-412de5c > .elementor-widget-container{padding:0px 0px 5px 0px;}.elementor-41541 .elementor-element.elementor-element-412de5c{width:100%;max-width:100%;}.elementor-41541 .elementor-element.elementor-element-b689bb7{--divider-border-style:solid;--divider-color:var( --e-global-color-d4d419e );--divider-border-width:1px;}.elementor-41541 .elementor-element.elementor-element-b689bb7 .elementor-divider-separator{width:100%;}.elementor-41541 .elementor-element.elementor-element-b689bb7 .elementor-divider{padding-block-start:10px;padding-block-end:10px;}.elementor-41541 .elementor-element.elementor-element-877628f .elementor-icon-list-icon i{transition:color 0.3s;}.elementor-41541 .elementor-element.elementor-element-877628f .elementor-icon-list-icon svg{transition:fill 0.3s;}.elementor-41541 .elementor-element.elementor-element-877628f{--e-icon-list-icon-size:14px;--icon-vertical-offset:0px;width:var( --container-widget-width, 70% );max-width:70%;--container-widget-width:70%;--container-widget-flex-grow:0;}.elementor-41541 .elementor-element.elementor-element-877628f .elementor-icon-list-item > .elementor-icon-list-text, .elementor-41541 .elementor-element.elementor-element-877628f .elementor-icon-list-item > a{font-size:14px;}.elementor-41541 .elementor-element.elementor-element-877628f .elementor-icon-list-text{color:var( --e-global-color-873b49b );transition:color 0.3s;}.elementor-41541 .elementor-element.elementor-element-877628f > .elementor-widget-container{padding:10px 0px 5px 0px;}.elementor-41541 .elementor-element.elementor-element-0a69b74{text-align:end;width:var( --container-widget-width, 30% );max-width:30%;--container-widget-width:30%;--container-widget-flex-grow:0;}.elementor-41541 .elementor-element.elementor-element-0a69b74 .elementor-heading-title{font-size:15px;color:var( --e-global-color-text );}.elementor-41541 .elementor-element.elementor-element-0a69b74 > .elementor-widget-container{padding:10px 0px 5px 0px;}\/* Start custom CSS for heading, class: .elementor-element-412de5c *\/.one-row{\r\noverflow: hidden;\r\ndisplay: -webkit-box;\r\n-webkit-line-clamp: 1;\r\n-webkit-box-orient: vertical;\r\n}\/* End custom CSS *\/<\/style>\t\t<div data-elementor-type=\"loop-item\" data-elementor-id=\"41541\" class=\"elementor elementor-41541 elementor-41484 elementor-41484 e-loop-item e-loop-item-96765 post-96765 post type-post status-publish format-standard has-post-thumbnail hentry category-conocimiento category-inmuebles\" data-elementor-post-type=\"elementor_library\" data-custom-edit-handle=\"1\">\n\t\t\t<div class=\"elementor-element elementor-element-b0ba4db e-flex e-con-boxed e-con e-parent\" data-id=\"b0ba4db\" data-element_type=\"container\" data-e-type=\"container\">\n\t\t\t\t\t<div class=\"e-con-inner\">\n\t\t\t\t<div class=\"elementor-element elementor-element-5b9d488 elementor-widget elementor-widget-theme-post-featured-image elementor-widget-image\" data-id=\"5b9d488\" data-element_type=\"widget\" data-e-type=\"widget\" data-widget_type=\"theme-post-featured-image.default\">\n\t\t\t\t<div class=\"elementor-widget-container\">\n\t\t\t\t\t\t\t\t\t\t\t\t\t\t\t\t<a href=\"https:\/\/lamarescapela.pt\/es\/vivienda-y-urbanismo-en-2026-paquete-joven-alquiler-e-iva-al-6\/\">\n\t\t\t\t\t\t\t<img decoding=\"async\" src=\"https:\/\/lamarescapela.pt\/wp-content\/uploads\/elementor\/thumbs\/habitacao-e-urbanismo-em-2026-pacote-jovem-arrendamento-e-iva-a-6-rk2mu9fvdjc6pvw0h8nosfvdwmt1h021gprc4io4dk.jpg\" title=\"Habita\u00e7\u00e3o e urbanismo em 2026 pacote jovem, arrendamento e IVA a 6%\" alt=\"Habita\u00e7\u00e3o e urbanismo em 2026: pacote jovem, arrendamento e IVA a 6%\" loading=\"lazy\" \/>\t\t\t\t\t\t\t\t<\/a>\n\t\t\t\t\t\t\t\t\t\t\t\t\t\t\t<\/div>\n\t\t\t\t<\/div>\n\t\t<div class=\"elementor-element elementor-element-f3c0820 e-con-full e-flex e-con e-child\" data-id=\"f3c0820\" data-element_type=\"container\" data-e-type=\"container\">\n\t\t\t\t<div class=\"elementor-element elementor-element-412de5c one-row elementor-widget__width-inherit elementor-widget elementor-widget-heading\" data-id=\"412de5c\" data-element_type=\"widget\" data-e-type=\"widget\" data-widget_type=\"heading.default\">\n\t\t\t\t<div class=\"elementor-widget-container\">\n\t\t\t\t\t<h3 class=\"elementor-heading-title elementor-size-default\"><a href=\"https:\/\/lamarescapela.pt\/es\/vivienda-y-urbanismo-en-2026-paquete-joven-alquiler-e-iva-al-6\/\">Vivienda y urbanismo en 2026: paquete joven, alquiler e IVA al 6%<\/a><\/h3>\t\t\t\t<\/div>\n\t\t\t\t<\/div>\n\t\t\t\t<div class=\"elementor-element elementor-element-4f1961c elementor-widget elementor-widget-theme-post-excerpt\" data-id=\"4f1961c\" data-element_type=\"widget\" data-e-type=\"widget\" data-widget_type=\"theme-post-excerpt.default\">\n\t\t\t\t<div class=\"elementor-widget-container\">\n\t\t\t\t\t<p>En 2026, el mercado inmobiliario en Portugal sigue estando influido por medidas p\u00fablicas centradas en la accesibilidad y\t\t\t\t<\/div>\n\t\t\t\t<\/div>\n\t\t\t\t<div class=\"elementor-element elementor-element-b689bb7 elementor-widget-divider--view-line elementor-widget elementor-widget-divider\" data-id=\"b689bb7\" data-element_type=\"widget\" data-e-type=\"widget\" data-widget_type=\"divider.default\">\n\t\t\t\t<div class=\"elementor-widget-container\">\n\t\t\t\t\t\t\t<div class=\"elementor-divider\">\n\t\t\t<span class=\"elementor-divider-separator\">\n\t\t\t\t\t\t<\/span>\n\t\t<\/div>\n\t\t\t\t\t\t<\/div>\n\t\t\t\t<\/div>\n\t\t\t\t<div class=\"elementor-element elementor-element-877628f elementor-align-start elementor-widget__width-initial elementor-icon-list--layout-traditional elementor-list-item-link-full_width elementor-widget elementor-widget-icon-list\" data-id=\"877628f\" data-element_type=\"widget\" data-e-type=\"widget\" data-widget_type=\"icon-list.default\">\n\t\t\t\t<div class=\"elementor-widget-container\">\n\t\t\t\t\t\t\t<ul class=\"elementor-icon-list-items\">\n\t\t\t\t\t\t\t<li class=\"elementor-icon-list-item\">\n\t\t\t\t\t\t\t\t\t\t\t<span class=\"elementor-icon-list-icon\">\n\t\t\t\t\t\t\t<i aria-hidden=\"true\" class=\"icon icon-calendar-page-empty\"><\/i>\t\t\t\t\t\t<\/span>\n\t\t\t\t\t\t\t\t\t\t<span class=\"elementor-icon-list-text\">5 de marzo de 2026<\/span>\n\t\t\t\t\t\t\t\t\t<\/li>\n\t\t\t\t\t\t<\/ul>\n\t\t\t\t\t\t<\/div>\n\t\t\t\t<\/div>\n\t\t\t\t<div class=\"elementor-element elementor-element-0a69b74 elementor-widget__width-initial elementor-widget elementor-widget-heading\" data-id=\"0a69b74\" data-element_type=\"widget\" data-e-type=\"widget\" data-widget_type=\"heading.default\">\n\t\t\t\t<div class=\"elementor-widget-container\">\n\t\t\t\t\t<span class=\"elementor-heading-title elementor-size-default\"><a href=\"https:\/\/lamarescapela.pt\/es\/vivienda-y-urbanismo-en-2026-paquete-joven-alquiler-e-iva-al-6\/\">Leer articulo<\/a><\/span>\t\t\t\t<\/div>\n\t\t\t\t<\/div>\n\t\t\t\t<\/div>\n\t\t\t\t\t<\/div>\n\t\t\t\t<\/div>\n\t\t\t\t<\/div>\n\t\t\t\t<div data-elementor-type=\"loop-item\" data-elementor-id=\"41541\" class=\"elementor elementor-41541 elementor-41484 elementor-41484 e-loop-item e-loop-item-96753 post-96753 post type-post status-publish format-standard has-post-thumbnail hentry category-conocimiento category-derecho-fiscal category-las-empresas\" data-elementor-post-type=\"elementor_library\" data-custom-edit-handle=\"1\">\n\t\t\t<div class=\"elementor-element elementor-element-b0ba4db e-flex e-con-boxed e-con e-parent\" data-id=\"b0ba4db\" data-element_type=\"container\" data-e-type=\"container\">\n\t\t\t\t\t<div class=\"e-con-inner\">\n\t\t\t\t<div class=\"elementor-element elementor-element-5b9d488 elementor-widget elementor-widget-theme-post-featured-image elementor-widget-image\" data-id=\"5b9d488\" data-element_type=\"widget\" data-e-type=\"widget\" data-widget_type=\"theme-post-featured-image.default\">\n\t\t\t\t<div class=\"elementor-widget-container\">\n\t\t\t\t\t\t\t\t\t\t\t\t\t\t\t\t<a href=\"https:\/\/lamarescapela.pt\/es\/empresas-en-2026-nuevos-limites-para-micro-pequenas-y-medianas-empresas\/\">\n\t\t\t\t\t\t\t<img decoding=\"async\" src=\"https:\/\/lamarescapela.pt\/wp-content\/uploads\/elementor\/thumbs\/empresas-em-2026-rk2lgc8geazy3gejznt0d1e23wv8npv99meyjgouug.webp\" title=\"Empresas em 2026\" alt=\"Empresas em 2026\" loading=\"lazy\" \/>\t\t\t\t\t\t\t\t<\/a>\n\t\t\t\t\t\t\t\t\t\t\t\t\t\t\t<\/div>\n\t\t\t\t<\/div>\n\t\t<div class=\"elementor-element elementor-element-f3c0820 e-con-full e-flex e-con e-child\" data-id=\"f3c0820\" data-element_type=\"container\" data-e-type=\"container\">\n\t\t\t\t<div class=\"elementor-element elementor-element-412de5c one-row elementor-widget__width-inherit elementor-widget elementor-widget-heading\" data-id=\"412de5c\" data-element_type=\"widget\" data-e-type=\"widget\" data-widget_type=\"heading.default\">\n\t\t\t\t<div class=\"elementor-widget-container\">\n\t\t\t\t\t<h3 class=\"elementor-heading-title elementor-size-default\"><a href=\"https:\/\/lamarescapela.pt\/es\/empresas-en-2026-nuevos-limites-para-micro-pequenas-y-medianas-empresas\/\">Empresas en 2026: nuevos l\u00edmites para micro, peque\u00f1as y medianas empresas<\/a><\/h3>\t\t\t\t<\/div>\n\t\t\t\t<\/div>\n\t\t\t\t<div class=\"elementor-element elementor-element-4f1961c elementor-widget elementor-widget-theme-post-excerpt\" data-id=\"4f1961c\" data-element_type=\"widget\" data-e-type=\"widget\" data-widget_type=\"theme-post-excerpt.default\">\n\t\t\t\t<div class=\"elementor-widget-container\">\n\t\t\t\t\t<p>A partir de 2026 entran en vigor nuevos l\u00edmites para la clasificaci\u00f3n de empresas en Portugal, aplicables a\t\t\t\t<\/div>\n\t\t\t\t<\/div>\n\t\t\t\t<div class=\"elementor-element elementor-element-b689bb7 elementor-widget-divider--view-line elementor-widget elementor-widget-divider\" data-id=\"b689bb7\" data-element_type=\"widget\" data-e-type=\"widget\" data-widget_type=\"divider.default\">\n\t\t\t\t<div class=\"elementor-widget-container\">\n\t\t\t\t\t\t\t<div class=\"elementor-divider\">\n\t\t\t<span class=\"elementor-divider-separator\">\n\t\t\t\t\t\t<\/span>\n\t\t<\/div>\n\t\t\t\t\t\t<\/div>\n\t\t\t\t<\/div>\n\t\t\t\t<div class=\"elementor-element elementor-element-877628f elementor-align-start elementor-widget__width-initial elementor-icon-list--layout-traditional elementor-list-item-link-full_width elementor-widget elementor-widget-icon-list\" data-id=\"877628f\" data-element_type=\"widget\" data-e-type=\"widget\" data-widget_type=\"icon-list.default\">\n\t\t\t\t<div class=\"elementor-widget-container\">\n\t\t\t\t\t\t\t<ul class=\"elementor-icon-list-items\">\n\t\t\t\t\t\t\t<li class=\"elementor-icon-list-item\">\n\t\t\t\t\t\t\t\t\t\t\t<span class=\"elementor-icon-list-icon\">\n\t\t\t\t\t\t\t<i aria-hidden=\"true\" class=\"icon icon-calendar-page-empty\"><\/i>\t\t\t\t\t\t<\/span>\n\t\t\t\t\t\t\t\t\t\t<span class=\"elementor-icon-list-text\">5 de marzo de 2026<\/span>\n\t\t\t\t\t\t\t\t\t<\/li>\n\t\t\t\t\t\t<\/ul>\n\t\t\t\t\t\t<\/div>\n\t\t\t\t<\/div>\n\t\t\t\t<div class=\"elementor-element elementor-element-0a69b74 elementor-widget__width-initial elementor-widget elementor-widget-heading\" data-id=\"0a69b74\" data-element_type=\"widget\" data-e-type=\"widget\" data-widget_type=\"heading.default\">\n\t\t\t\t<div class=\"elementor-widget-container\">\n\t\t\t\t\t<span class=\"elementor-heading-title elementor-size-default\"><a href=\"https:\/\/lamarescapela.pt\/es\/empresas-en-2026-nuevos-limites-para-micro-pequenas-y-medianas-empresas\/\">Leer articulo<\/a><\/span>\t\t\t\t<\/div>\n\t\t\t\t<\/div>\n\t\t\t\t<\/div>\n\t\t\t\t\t<\/div>\n\t\t\t\t<\/div>\n\t\t\t\t<\/div>\n\t\t\t\t<div data-elementor-type=\"loop-item\" data-elementor-id=\"41541\" class=\"elementor elementor-41541 elementor-41484 elementor-41484 e-loop-item e-loop-item-96744 post-96744 post type-post status-publish format-standard has-post-thumbnail hentry category-conocimiento category-derecho-fiscal category-las-empresas category-informacion-general\" data-elementor-post-type=\"elementor_library\" data-custom-edit-handle=\"1\">\n\t\t\t<div class=\"elementor-element elementor-element-b0ba4db e-flex e-con-boxed e-con e-parent\" data-id=\"b0ba4db\" data-element_type=\"container\" data-e-type=\"container\">\n\t\t\t\t\t<div class=\"e-con-inner\">\n\t\t\t\t<div class=\"elementor-element elementor-element-5b9d488 elementor-widget elementor-widget-theme-post-featured-image elementor-widget-image\" data-id=\"5b9d488\" data-element_type=\"widget\" data-e-type=\"widget\" data-widget_type=\"theme-post-featured-image.default\">\n\t\t\t\t<div class=\"elementor-widget-container\">\n\t\t\t\t\t\t\t\t\t\t\t\t\t\t\t\t<a href=\"https:\/\/lamarescapela.pt\/es\/presupuesto-2026-cambios-en-el-irs-incentivos-fiscales-irc-e-imt\/\">\n\t\t\t\t\t\t\t<img decoding=\"async\" src=\"https:\/\/lamarescapela.pt\/wp-content\/uploads\/elementor\/thumbs\/orcamento-do-estado-para-2026-rk2kdcveynmuln10mb70gdiv7n08fm408of11chmw8.png\" title=\"Or\u00e7amento do Estado para 2026\" alt=\"Or\u00e7amento do Estado para 2026\" loading=\"lazy\" \/>\t\t\t\t\t\t\t\t<\/a>\n\t\t\t\t\t\t\t\t\t\t\t\t\t\t\t<\/div>\n\t\t\t\t<\/div>\n\t\t<div class=\"elementor-element elementor-element-f3c0820 e-con-full e-flex e-con e-child\" data-id=\"f3c0820\" data-element_type=\"container\" data-e-type=\"container\">\n\t\t\t\t<div class=\"elementor-element elementor-element-412de5c one-row elementor-widget__width-inherit elementor-widget elementor-widget-heading\" data-id=\"412de5c\" data-element_type=\"widget\" data-e-type=\"widget\" data-widget_type=\"heading.default\">\n\t\t\t\t<div class=\"elementor-widget-container\">\n\t\t\t\t\t<h3 class=\"elementor-heading-title elementor-size-default\"><a href=\"https:\/\/lamarescapela.pt\/es\/presupuesto-2026-cambios-en-el-irs-incentivos-fiscales-irc-e-imt\/\">Presupuesto 2026: cambios en el IRS, incentivos fiscales, IRC e IMT<\/a><\/h3>\t\t\t\t<\/div>\n\t\t\t\t<\/div>\n\t\t\t\t<div class=\"elementor-element elementor-element-4f1961c elementor-widget elementor-widget-theme-post-excerpt\" data-id=\"4f1961c\" data-element_type=\"widget\" data-e-type=\"widget\" data-widget_type=\"theme-post-excerpt.default\">\n\t\t\t\t<div class=\"elementor-widget-container\">\n\t\t\t\t\t<p>El Presupuesto del Estado para 2026 introduce un conjunto de cambios fiscales de impacto transversal: ajustes en el\t\t\t\t<\/div>\n\t\t\t\t<\/div>\n\t\t\t\t<div class=\"elementor-element elementor-element-b689bb7 elementor-widget-divider--view-line elementor-widget elementor-widget-divider\" data-id=\"b689bb7\" data-element_type=\"widget\" data-e-type=\"widget\" data-widget_type=\"divider.default\">\n\t\t\t\t<div class=\"elementor-widget-container\">\n\t\t\t\t\t\t\t<div class=\"elementor-divider\">\n\t\t\t<span class=\"elementor-divider-separator\">\n\t\t\t\t\t\t<\/span>\n\t\t<\/div>\n\t\t\t\t\t\t<\/div>\n\t\t\t\t<\/div>\n\t\t\t\t<div class=\"elementor-element elementor-element-877628f elementor-align-start elementor-widget__width-initial elementor-icon-list--layout-traditional elementor-list-item-link-full_width elementor-widget elementor-widget-icon-list\" data-id=\"877628f\" data-element_type=\"widget\" data-e-type=\"widget\" data-widget_type=\"icon-list.default\">\n\t\t\t\t<div class=\"elementor-widget-container\">\n\t\t\t\t\t\t\t<ul class=\"elementor-icon-list-items\">\n\t\t\t\t\t\t\t<li class=\"elementor-icon-list-item\">\n\t\t\t\t\t\t\t\t\t\t\t<span class=\"elementor-icon-list-icon\">\n\t\t\t\t\t\t\t<i aria-hidden=\"true\" class=\"icon icon-calendar-page-empty\"><\/i>\t\t\t\t\t\t<\/span>\n\t\t\t\t\t\t\t\t\t\t<span class=\"elementor-icon-list-text\">5 de marzo de 2026<\/span>\n\t\t\t\t\t\t\t\t\t<\/li>\n\t\t\t\t\t\t<\/ul>\n\t\t\t\t\t\t<\/div>\n\t\t\t\t<\/div>\n\t\t\t\t<div class=\"elementor-element elementor-element-0a69b74 elementor-widget__width-initial elementor-widget elementor-widget-heading\" data-id=\"0a69b74\" data-element_type=\"widget\" data-e-type=\"widget\" data-widget_type=\"heading.default\">\n\t\t\t\t<div class=\"elementor-widget-container\">\n\t\t\t\t\t<span class=\"elementor-heading-title elementor-size-default\"><a href=\"https:\/\/lamarescapela.pt\/es\/presupuesto-2026-cambios-en-el-irs-incentivos-fiscales-irc-e-imt\/\">Leer articulo<\/a><\/span>\t\t\t\t<\/div>\n\t\t\t\t<\/div>\n\t\t\t\t<\/div>\n\t\t\t\t\t<\/div>\n\t\t\t\t<\/div>\n\t\t\t\t<\/div>\n\t\t\t\t<\/div>\n\t\t\n\t\t\t\t\t\t<\/div>\n\t\t\t\t<\/div>\n\t\t\t\t<div class=\"elementor-element elementor-element-2d67d73 elementor-widget elementor-widget-spacer\" data-id=\"2d67d73\" data-element_type=\"widget\" data-e-type=\"widget\" data-widget_type=\"spacer.default\">\n\t\t\t\t<div class=\"elementor-widget-container\">\n\t\t\t\t\t\t\t<div class=\"elementor-spacer\">\n\t\t\t<div class=\"elementor-spacer-inner\"><\/div>\n\t\t<\/div>\n\t\t\t\t\t\t<\/div>\n\t\t\t\t<\/div>\n\t\t\t\t<div class=\"elementor-element elementor-element-bb51e66 elementor-align-left elementor-mobile-align-left elementor-widget elementor-widget-button\" data-id=\"bb51e66\" data-element_type=\"widget\" data-e-type=\"widget\" data-widget_type=\"button.default\">\n\t\t\t\t<div class=\"elementor-widget-container\">\n\t\t\t\t\t\t\t\t\t<div class=\"elementor-button-wrapper\">\n\t\t\t\t\t<a class=\"elementor-button elementor-button-link elementor-size-sm\" href=\"https:\/\/lamarescapela.pt\/es\/conocimiento\/\">\n\t\t\t\t\t\t<span class=\"elementor-button-content-wrapper\">\n\t\t\t\t\t\t\t\t\t<span class=\"elementor-button-text\">Ver Todas Las Noticias<\/span>\n\t\t\t\t\t<\/span>\n\t\t\t\t\t<\/a>\n\t\t\t\t<\/div>\n\t\t\t\t\t\t\t\t<\/div>\n\t\t\t\t<\/div>\n\t\t\t\t\t<\/div>\n\t\t\t\t<\/div>\n\t\t<div class=\"elementor-element elementor-element-2d291d1 e-flex e-con-boxed e-con e-parent\" data-id=\"2d291d1\" data-element_type=\"container\" data-e-type=\"container\" data-settings=\"{&quot;background_background&quot;:&quot;classic&quot;}\">\n\t\t\t\t\t<div class=\"e-con-inner\">\n\t\t\t\t<div class=\"elementor-element elementor-element-6976b75 elementor-widget elementor-widget-heading\" data-id=\"6976b75\" data-element_type=\"widget\" data-e-type=\"widget\" data-widget_type=\"heading.default\">\n\t\t\t\t<div class=\"elementor-widget-container\">\n\t\t\t\t\t<h4 class=\"elementor-heading-title elementor-size-default\">DESTACADOS<\/h4>\t\t\t\t<\/div>\n\t\t\t\t<\/div>\n\t\t\t\t<div class=\"elementor-element elementor-element-0f4b2a9 elementor-widget elementor-widget-heading\" data-id=\"0f4b2a9\" data-element_type=\"widget\" data-e-type=\"widget\" data-widget_type=\"heading.default\">\n\t\t\t\t<div class=\"elementor-widget-container\">\n\t\t\t\t\t<h2 class=\"elementor-heading-title elementor-size-default\">En la prensa<\/h2>\t\t\t\t<\/div>\n\t\t\t\t<\/div>\n\t\t\t\t<div class=\"elementor-element elementor-element-9be783f elementor-widget elementor-widget-heading\" data-id=\"9be783f\" data-element_type=\"widget\" data-e-type=\"widget\" data-widget_type=\"heading.default\">\n\t\t\t\t<div class=\"elementor-widget-container\">\n\t\t\t\t\t<span class=\"elementor-heading-title elementor-size-default\">Lamares Capela ha aparecido en diversos medios de comunicaci\u00f3n, lo que refleja nuestra experiencia y compromiso con la prestaci\u00f3n de servicios jur\u00eddicos de alta calidad. Vea aqu\u00ed algunas de nuestras apariciones en prensa:<\/span>\t\t\t\t<\/div>\n\t\t\t\t<\/div>\n\t\t\t\t<div class=\"elementor-element elementor-element-9520e63 e-n-tabs-mobile elementor-widget elementor-widget-n-tabs\" data-id=\"9520e63\" data-element_type=\"widget\" data-e-type=\"widget\" data-settings=\"{&quot;tabs_justify_horizontal&quot;:&quot;stretch&quot;,&quot;tabs_justify_horizontal_tablet&quot;:&quot;stretch&quot;,&quot;horizontal_scroll&quot;:&quot;disable&quot;}\" data-widget_type=\"nested-tabs.default\">\n\t\t\t\t<div class=\"elementor-widget-container\">\n\t\t\t\t\t\t\t<div class=\"e-n-tabs\" data-widget-number=\"156372579\" aria-label=\"Pesta\u00f1as. Abre elementos con Intro o Espacio, ci\u00e9rralos con Escape y navega con las fechas.\">\n\t\t\t<div class=\"e-n-tabs-heading\" role=\"tablist\">\n\t\t\t\t\t<button id=\"e-n-tab-title-1563725791\" data-tab-title-id=\"e-n-tab-title-1563725791\" class=\"e-n-tab-title\" aria-selected=\"true\" data-tab-index=\"1\" role=\"tab\" tabindex=\"0\" aria-controls=\"e-n-tab-content-1563725791\" style=\"--n-tabs-title-order: 1;\">\n\t\t\t\t\t\t<span class=\"e-n-tab-title-text\">\n\t\t\t\t<img decoding=\"async\" src=\"https:\/\/lamarescapela.pt\/wp-content\/uploads\/logo-bloomberg.webp\">\t\t\t<\/span>\n\t\t<\/button>\n\t\t\t\t<button id=\"e-n-tab-title-1563725792\" data-tab-title-id=\"e-n-tab-title-1563725792\" class=\"e-n-tab-title\" aria-selected=\"false\" data-tab-index=\"2\" role=\"tab\" tabindex=\"-1\" aria-controls=\"e-n-tab-content-1563725792\" style=\"--n-tabs-title-order: 2;\">\n\t\t\t\t\t\t<span class=\"e-n-tab-title-text\">\n\t\t\t\t<img decoding=\"async\" src=\"https:\/\/lamarescapela.pt\/wp-content\/uploads\/twt-logo-1.webp\">\t\t\t<\/span>\n\t\t<\/button>\n\t\t\t\t<button id=\"e-n-tab-title-1563725793\" data-tab-title-id=\"e-n-tab-title-1563725793\" class=\"e-n-tab-title\" aria-selected=\"false\" data-tab-index=\"3\" role=\"tab\" tabindex=\"-1\" aria-controls=\"e-n-tab-content-1563725793\" style=\"--n-tabs-title-order: 3;\">\n\t\t\t\t\t\t<span class=\"e-n-tab-title-text\">\n\t\t\t\t<img decoding=\"async\" src=\"https:\/\/lamarescapela.pt\/wp-content\/uploads\/cnnpt-logo.webp\">\t\t\t<\/span>\n\t\t<\/button>\n\t\t\t\t<button id=\"e-n-tab-title-1563725794\" data-tab-title-id=\"e-n-tab-title-1563725794\" class=\"e-n-tab-title\" aria-selected=\"false\" data-tab-index=\"4\" role=\"tab\" tabindex=\"-1\" aria-controls=\"e-n-tab-content-1563725794\" style=\"--n-tabs-title-order: 4;\">\n\t\t\t\t\t\t<span class=\"e-n-tab-title-text\">\n\t\t\t\t<img decoding=\"async\" src=\"https:\/\/lamarescapela.pt\/wp-content\/uploads\/pdv-logo-1.webp\">\t\t\t<\/span>\n\t\t<\/button>\n\t\t\t\t<button id=\"e-n-tab-title-1563725795\" data-tab-title-id=\"e-n-tab-title-1563725795\" class=\"e-n-tab-title\" aria-selected=\"false\" data-tab-index=\"5\" role=\"tab\" tabindex=\"-1\" aria-controls=\"e-n-tab-content-1563725795\" style=\"--n-tabs-title-order: 5;\">\n\t\t\t\t\t\t<span class=\"e-n-tab-title-text\">\n\t\t\t\t<img decoding=\"async\" src=\"https:\/\/lamarescapela.pt\/wp-content\/uploads\/vm-logo-1.webp\">\t\t\t<\/span>\n\t\t<\/button>\n\t\t\t\t<button id=\"e-n-tab-title-1563725796\" data-tab-title-id=\"e-n-tab-title-1563725796\" class=\"e-n-tab-title\" aria-selected=\"false\" data-tab-index=\"6\" role=\"tab\" tabindex=\"-1\" aria-controls=\"e-n-tab-content-1563725796\" style=\"--n-tabs-title-order: 6;\">\n\t\t\t\t\t\t<span class=\"e-n-tab-title-text\">\n\t\t\t\t<img decoding=\"async\" src=\"https:\/\/lamarescapela.pt\/wp-content\/uploads\/banner-cabecalho.webp\">\t\t\t<\/span>\n\t\t<\/button>\n\t\t\t\t\t<\/div>\n\t\t\t<div class=\"e-n-tabs-content\">\n\t\t\t\t<div id=\"e-n-tab-content-1563725791\" role=\"tabpanel\" aria-labelledby=\"e-n-tab-title-1563725791\" data-tab-index=\"1\" style=\"--n-tabs-title-order: 1;\" class=\"e-active elementor-element elementor-element-80403b8 e-flex e-con-boxed e-con e-child\" data-id=\"80403b8\" data-element_type=\"container\" data-e-type=\"container\">\n\t\t\t\t\t<div class=\"e-con-inner\">\n\t\t<div class=\"elementor-element elementor-element-e2db746 e-con-full e-flex e-con e-child\" data-id=\"e2db746\" data-element_type=\"container\" data-e-type=\"container\">\n\t\t\t\t<div class=\"elementor-element elementor-element-ffc3429 elementor-widget elementor-widget-heading\" data-id=\"ffc3429\" data-element_type=\"widget\" data-e-type=\"widget\" data-widget_type=\"heading.default\">\n\t\t\t\t<div class=\"elementor-widget-container\">\n\t\t\t\t\t<div class=\"elementor-heading-title elementor-size-default\"><a href=\"https:\/\/www.bloomberg.com\/news\/articles\/2024-10-18\/portugal-golden-visa-applicants-stuck-in-limbo-use-legal-options\" target=\"_blank\" rel=\"noopener\">Agilizaci\u00f3n de los procesos de Golden Visa atrasados<\/a><\/div>\t\t\t\t<\/div>\n\t\t\t\t<\/div>\n\t\t\t\t<div class=\"elementor-element elementor-element-b0f90b5 elementor-widget elementor-widget-text-editor\" data-id=\"b0f90b5\" data-element_type=\"widget\" data-e-type=\"widget\" data-widget_type=\"text-editor.default\">\n\t\t\t\t<div class=\"elementor-widget-container\">\n\t\t\t\t\t\t\t\t\t<p>Diogo Capela, de Lamares, Capela &amp; Associados, ha representado a inversores de Golden Visa en acciones legales para resolver retrasos, ayudando a unos 40 clientes a acelerar el proceso de residencia mediante medidas legales.<\/p>\n\t\t\t\t\t\t\t\t<\/div>\n\t\t\t\t<\/div>\n\t\t\t\t<div class=\"elementor-element elementor-element-8dead18 elementor-align-right elementor-widget elementor-widget-button\" data-id=\"8dead18\" data-element_type=\"widget\" data-e-type=\"widget\" data-widget_type=\"button.default\">\n\t\t\t\t<div class=\"elementor-widget-container\">\n\t\t\t\t\t\t\t\t\t<div class=\"elementor-button-wrapper\">\n\t\t\t\t\t<a class=\"elementor-button elementor-button-link elementor-size-sm\" href=\"https:\/\/www.bloomberg.com\/news\/articles\/2024-10-18\/portugal-golden-visa-applicants-stuck-in-limbo-use-legal-options\" target=\"_blank\" rel=\"noopener\">\n\t\t\t\t\t\t<span class=\"elementor-button-content-wrapper\">\n\t\t\t\t\t\t\t\t\t<span class=\"elementor-button-text\">Leer m\u00e1s<\/span>\n\t\t\t\t\t<\/span>\n\t\t\t\t\t<\/a>\n\t\t\t\t<\/div>\n\t\t\t\t\t\t\t\t<\/div>\n\t\t\t\t<\/div>\n\t\t\t\t<\/div>\n\t\t\t\t\t<\/div>\n\t\t\t\t<\/div>\n\t\t<div id=\"e-n-tab-content-1563725792\" role=\"tabpanel\" aria-labelledby=\"e-n-tab-title-1563725792\" data-tab-index=\"2\" style=\"--n-tabs-title-order: 2;\" class=\" elementor-element elementor-element-835e3a1 e-flex e-con-boxed e-con e-child\" data-id=\"835e3a1\" data-element_type=\"container\" data-e-type=\"container\">\n\t\t\t\t\t<div class=\"e-con-inner\">\n\t\t<div class=\"elementor-element elementor-element-6103dc3 e-con-full e-flex e-con e-child\" data-id=\"6103dc3\" data-element_type=\"container\" data-e-type=\"container\">\n\t\t\t\t<div class=\"elementor-element elementor-element-74fa809 elementor-widget elementor-widget-heading\" data-id=\"74fa809\" data-element_type=\"widget\" data-e-type=\"widget\" data-widget_type=\"heading.default\">\n\t\t\t\t<div class=\"elementor-widget-container\">\n\t\t\t\t\t<div class=\"elementor-heading-title elementor-size-default\"><a href=\"https:\/\/www.washingtontimes.com\/news\/2022\/feb\/9\/specialized-immigration-legal-services-for-america\/\" target=\"_blank\" rel=\"noopener\">Servicios jur\u00eddicos especializados en inmigraci\u00f3n para inversores estadounidenses<\/a><\/div>\t\t\t\t<\/div>\n\t\t\t\t<\/div>\n\t\t\t\t<div class=\"elementor-element elementor-element-35d1daf elementor-widget elementor-widget-text-editor\" data-id=\"35d1daf\" data-element_type=\"widget\" data-e-type=\"widget\" data-widget_type=\"text-editor.default\">\n\t\t\t\t<div class=\"elementor-widget-container\">\n\t\t\t\t\t\t\t\t\t<p>Como bufete de abogados de inmigraci\u00f3n que trabaja directamente con inversores extranjeros a lo largo de los a\u00f1os, Lamares, Capela &amp; Associados ha ayudado a cientos de estadounidenses en el proceso de mudarse o invertir en Portugal, permiti\u00e9ndoles obtener con \u00e9xito la residencia legal, la ciudadan\u00eda portuguesa y beneficiarse de un r\u00e9gimen fiscal espec\u00edfico para residentes no habituales (RNH).<\/p>\n\t\t\t\t\t\t\t\t<\/div>\n\t\t\t\t<\/div>\n\t\t\t\t<div class=\"elementor-element elementor-element-4515209 elementor-align-right elementor-widget elementor-widget-button\" data-id=\"4515209\" data-element_type=\"widget\" data-e-type=\"widget\" data-widget_type=\"button.default\">\n\t\t\t\t<div class=\"elementor-widget-container\">\n\t\t\t\t\t\t\t\t\t<div class=\"elementor-button-wrapper\">\n\t\t\t\t\t<a class=\"elementor-button elementor-button-link elementor-size-sm\" href=\"https:\/\/www.washingtontimes.com\/news\/2022\/feb\/9\/specialized-immigration-legal-services-for-america\/\" target=\"_blank\" rel=\"noopener\">\n\t\t\t\t\t\t<span class=\"elementor-button-content-wrapper\">\n\t\t\t\t\t\t\t\t\t<span class=\"elementor-button-text\">Leer m\u00e1s<\/span>\n\t\t\t\t\t<\/span>\n\t\t\t\t\t<\/a>\n\t\t\t\t<\/div>\n\t\t\t\t\t\t\t\t<\/div>\n\t\t\t\t<\/div>\n\t\t\t\t<\/div>\n\t\t\t\t\t<\/div>\n\t\t\t\t<\/div>\n\t\t<div id=\"e-n-tab-content-1563725793\" role=\"tabpanel\" aria-labelledby=\"e-n-tab-title-1563725793\" data-tab-index=\"3\" style=\"--n-tabs-title-order: 3;\" class=\" elementor-element elementor-element-268dd66 e-flex e-con-boxed e-con e-child\" data-id=\"268dd66\" data-element_type=\"container\" data-e-type=\"container\">\n\t\t\t\t\t<div class=\"e-con-inner\">\n\t\t<div class=\"elementor-element elementor-element-dbf352d e-con-full e-flex e-con e-child\" data-id=\"dbf352d\" data-element_type=\"container\" data-e-type=\"container\">\n\t\t\t\t<div class=\"elementor-element elementor-element-f735ed2 elementor-widget elementor-widget-heading\" data-id=\"f735ed2\" data-element_type=\"widget\" data-e-type=\"widget\" data-widget_type=\"heading.default\">\n\t\t\t\t<div class=\"elementor-widget-container\">\n\t\t\t\t\t<div class=\"elementor-heading-title elementor-size-default\"><a href=\"https:\/\/tviplayer.iol.pt\/programa\/cnn-domingo\/619396440cf2c7ea0f08f9e9\/video\/648f46da0cf2665294e801df\" target=\"_blank\" rel=\"noopener\">Debate sobre cambios legales e inmigraci\u00f3n en CNN Portugal<\/a><\/div>\t\t\t\t<\/div>\n\t\t\t\t<\/div>\n\t\t\t\t<div class=\"elementor-element elementor-element-423ff91 elementor-widget elementor-widget-text-editor\" data-id=\"423ff91\" data-element_type=\"widget\" data-e-type=\"widget\" data-widget_type=\"text-editor.default\">\n\t\t\t\t<div class=\"elementor-widget-container\">\n\t\t\t\t\t\t\t\t\t<p>Diogo Capela, socio de Lamares, Capela &amp; Associados, particip\u00f3 en el programa de CNN Domingo, donde habl\u00f3 de los recientes cambios legales y de su impacto en la ley de inmigraci\u00f3n en Portugal. La entrevista abord\u00f3 cuestiones sobre el programa Golden Visa y la simplificaci\u00f3n de los procesos de inmigraci\u00f3n.<\/p>\n\t\t\t\t\t\t\t\t<\/div>\n\t\t\t\t<\/div>\n\t\t\t\t<div class=\"elementor-element elementor-element-bf3b00d elementor-align-right elementor-widget elementor-widget-button\" data-id=\"bf3b00d\" data-element_type=\"widget\" data-e-type=\"widget\" data-widget_type=\"button.default\">\n\t\t\t\t<div class=\"elementor-widget-container\">\n\t\t\t\t\t\t\t\t\t<div class=\"elementor-button-wrapper\">\n\t\t\t\t\t<a class=\"elementor-button elementor-button-link elementor-size-sm\" href=\"https:\/\/tviplayer.iol.pt\/programa\/cnn-domingo\/619396440cf2c7ea0f08f9e9\/video\/648f46da0cf2665294e801df\" target=\"_blank\" rel=\"noopener\">\n\t\t\t\t\t\t<span class=\"elementor-button-content-wrapper\">\n\t\t\t\t\t\t\t\t\t<span class=\"elementor-button-text\">Leer m\u00e1s<\/span>\n\t\t\t\t\t<\/span>\n\t\t\t\t\t<\/a>\n\t\t\t\t<\/div>\n\t\t\t\t\t\t\t\t<\/div>\n\t\t\t\t<\/div>\n\t\t\t\t<\/div>\n\t\t\t\t\t<\/div>\n\t\t\t\t<\/div>\n\t\t<div id=\"e-n-tab-content-1563725794\" role=\"tabpanel\" aria-labelledby=\"e-n-tab-title-1563725794\" data-tab-index=\"4\" style=\"--n-tabs-title-order: 4;\" class=\" elementor-element elementor-element-4ccc31d e-con-full e-flex e-con e-child\" data-id=\"4ccc31d\" data-element_type=\"container\" data-e-type=\"container\">\n\t\t<div class=\"elementor-element elementor-element-6a6aeac e-con-full e-flex e-con e-child\" data-id=\"6a6aeac\" data-element_type=\"container\" data-e-type=\"container\">\n\t\t\t\t<div class=\"elementor-element elementor-element-0818841 elementor-widget elementor-widget-heading\" data-id=\"0818841\" data-element_type=\"widget\" data-e-type=\"widget\" data-widget_type=\"heading.default\">\n\t\t\t\t<div class=\"elementor-widget-container\">\n\t\t\t\t\t<div class=\"elementor-heading-title elementor-size-default\"><a href=\"https:\/\/pontosdevista.pt\/2024\/04\/22\/a-mudanca-legal-representa-um-passo-positivo\/\" target=\"_blank\" rel=\"noopener\">El cambio legal representa un paso positivo<\/a><\/div>\t\t\t\t<\/div>\n\t\t\t\t<\/div>\n\t\t\t\t<div class=\"elementor-element elementor-element-b4e6716 elementor-widget elementor-widget-text-editor\" data-id=\"b4e6716\" data-element_type=\"widget\" data-e-type=\"widget\" data-widget_type=\"text-editor.default\">\n\t\t\t\t<div class=\"elementor-widget-container\">\n\t\t\t\t\t\t\t\t\t<p>Diogo Capela y Ana Sofia Lamares, socios del bufete Lamares, Capela &amp; Associados (LACA), destacan los recientes cambios en la obtenci\u00f3n de la nacionalidad portuguesa y en el r\u00e9gimen fiscal de los residentes en Portugal, incluido el programa Golden Visa. Estos cambios prometen simplificar el proceso para los solicitantes y podr\u00edan impulsar la inversi\u00f3n extranjera en el pa\u00eds.<\/p>\n\t\t\t\t\t\t\t\t<\/div>\n\t\t\t\t<\/div>\n\t\t\t\t<div class=\"elementor-element elementor-element-3728f9d elementor-align-right elementor-widget elementor-widget-button\" data-id=\"3728f9d\" data-element_type=\"widget\" data-e-type=\"widget\" data-widget_type=\"button.default\">\n\t\t\t\t<div class=\"elementor-widget-container\">\n\t\t\t\t\t\t\t\t\t<div class=\"elementor-button-wrapper\">\n\t\t\t\t\t<a class=\"elementor-button elementor-button-link elementor-size-sm\" href=\"https:\/\/pontosdevista.pt\/2024\/04\/22\/a-mudanca-legal-representa-um-passo-positivo\/\" target=\"_blank\" rel=\"noopener\">\n\t\t\t\t\t\t<span class=\"elementor-button-content-wrapper\">\n\t\t\t\t\t\t\t\t\t<span class=\"elementor-button-text\">Leer m\u00e1s<\/span>\n\t\t\t\t\t<\/span>\n\t\t\t\t\t<\/a>\n\t\t\t\t<\/div>\n\t\t\t\t\t\t\t\t<\/div>\n\t\t\t\t<\/div>\n\t\t\t\t<\/div>\n\t\t\t\t<\/div>\n\t\t<div id=\"e-n-tab-content-1563725795\" role=\"tabpanel\" aria-labelledby=\"e-n-tab-title-1563725795\" data-tab-index=\"5\" style=\"--n-tabs-title-order: 5;\" class=\" elementor-element elementor-element-4c24fac e-con-full e-flex e-con e-child\" data-id=\"4c24fac\" data-element_type=\"container\" data-e-type=\"container\">\n\t\t<div class=\"elementor-element elementor-element-4531954 e-con-full e-flex e-con e-child\" data-id=\"4531954\" data-element_type=\"container\" data-e-type=\"container\">\n\t\t\t\t<div class=\"elementor-element elementor-element-525331c elementor-widget elementor-widget-heading\" data-id=\"525331c\" data-element_type=\"widget\" data-e-type=\"widget\" data-widget_type=\"heading.default\">\n\t\t\t\t<div class=\"elementor-widget-container\">\n\t\t\t\t\t<div class=\"elementor-heading-title elementor-size-default\"><a href=\"https:\/\/www.valormagazine.pt\/o-direito-da-imigracao-tem-vindo-a-ganhar-relevancia\/\" target=\"_blank\" rel=\"noopener\">El Derecho de inmigraci\u00f3n es cada vez m\u00e1s importante<\/a><\/div>\t\t\t\t<\/div>\n\t\t\t\t<\/div>\n\t\t\t\t<div class=\"elementor-element elementor-element-65bcb45 elementor-widget elementor-widget-text-editor\" data-id=\"65bcb45\" data-element_type=\"widget\" data-e-type=\"widget\" data-widget_type=\"text-editor.default\">\n\t\t\t\t<div class=\"elementor-widget-container\">\n\t\t\t\t\t\t\t\t\t<p>Diogo Capela, socio de Lamares, Capela &amp; Associados, aborda la creciente importancia del Derecho de Inmigraci\u00f3n en Portugal, destacando el impacto del Programa Golden Visa y la necesidad de mejoras en los procesos administrativos. Tambi\u00e9n analiza el papel de la Agencia de Integraci\u00f3n, Migraci\u00f3n y Asilo (AIMA) y sugiere formas de simplificar la entrada de inmigrantes.<\/p>\n\t\t\t\t\t\t\t\t<\/div>\n\t\t\t\t<\/div>\n\t\t\t\t<div class=\"elementor-element elementor-element-8d97e9a elementor-align-right elementor-widget elementor-widget-button\" data-id=\"8d97e9a\" data-element_type=\"widget\" data-e-type=\"widget\" data-widget_type=\"button.default\">\n\t\t\t\t<div class=\"elementor-widget-container\">\n\t\t\t\t\t\t\t\t\t<div class=\"elementor-button-wrapper\">\n\t\t\t\t\t<a class=\"elementor-button elementor-button-link elementor-size-sm\" href=\"https:\/\/www.valormagazine.pt\/o-direito-da-imigracao-tem-vindo-a-ganhar-relevancia\/\" target=\"_blank\" rel=\"noopener\">\n\t\t\t\t\t\t<span class=\"elementor-button-content-wrapper\">\n\t\t\t\t\t\t\t\t\t<span class=\"elementor-button-text\">Leer m\u00e1s<\/span>\n\t\t\t\t\t<\/span>\n\t\t\t\t\t<\/a>\n\t\t\t\t<\/div>\n\t\t\t\t\t\t\t\t<\/div>\n\t\t\t\t<\/div>\n\t\t\t\t<\/div>\n\t\t\t\t<\/div>\n\t\t<div id=\"e-n-tab-content-1563725796\" role=\"tabpanel\" aria-labelledby=\"e-n-tab-title-1563725796\" data-tab-index=\"6\" style=\"--n-tabs-title-order: 6;\" class=\" elementor-element elementor-element-74038c9 e-con-full e-flex e-con e-child\" data-id=\"74038c9\" data-element_type=\"container\" data-e-type=\"container\">\n\t\t<div class=\"elementor-element elementor-element-cbedc39 e-con-full e-flex e-con e-child\" data-id=\"cbedc39\" data-element_type=\"container\" data-e-type=\"container\">\n\t\t\t\t<div class=\"elementor-element elementor-element-b227685 elementor-widget elementor-widget-heading\" data-id=\"b227685\" data-element_type=\"widget\" data-e-type=\"widget\" data-widget_type=\"heading.default\">\n\t\t\t\t<div class=\"elementor-widget-container\">\n\t\t\t\t\t<div class=\"elementor-heading-title elementor-size-default\"><a href=\"https:\/\/issuu.com\/revistabusinessportugal\/docs\/rbp_julho_2024_\/76\" target=\"_blank\" rel=\"noopener\">Un agente activo en la creaci\u00f3n de soluciones<\/a><\/div>\t\t\t\t<\/div>\n\t\t\t\t<\/div>\n\t\t\t\t<div class=\"elementor-element elementor-element-6c02a3e elementor-widget elementor-widget-text-editor\" data-id=\"6c02a3e\" data-element_type=\"widget\" data-e-type=\"widget\" data-widget_type=\"text-editor.default\">\n\t\t\t\t<div class=\"elementor-widget-container\">\n\t\t\t\t\t\t\t\t\t<p>En el escenario actual de constante movimiento y transformaci\u00f3n, la inmigraci\u00f3n es una cuesti\u00f3n central tanto para los individuos como para los pa\u00edses que buscan capitalizar la diversidad y el talento internacional. Lamares, Capela &amp; Associados (LACA) se distingue por ofrecer soluciones jur\u00eddicas innovadoras y un servicio completo a sus clientes. Los socios fundadores Ana Sofia Lamares y Diogo Capela debaten los cambios en la Ley de Nacionalidad portuguesa y la importancia de que Portugal evolucione en sus pol\u00edticas de inmigraci\u00f3n.<\/p>\n\t\t\t\t\t\t\t\t<\/div>\n\t\t\t\t<\/div>\n\t\t\t\t<div class=\"elementor-element elementor-element-1a7b3fa elementor-align-right elementor-widget elementor-widget-button\" data-id=\"1a7b3fa\" data-element_type=\"widget\" data-e-type=\"widget\" data-widget_type=\"button.default\">\n\t\t\t\t<div class=\"elementor-widget-container\">\n\t\t\t\t\t\t\t\t\t<div class=\"elementor-button-wrapper\">\n\t\t\t\t\t<a class=\"elementor-button elementor-button-link elementor-size-sm\" href=\"https:\/\/issuu.com\/revistabusinessportugal\/docs\/rbp_julho_2024_\/76\" target=\"_blank\" rel=\"noopener\">\n\t\t\t\t\t\t<span class=\"elementor-button-content-wrapper\">\n\t\t\t\t\t\t\t\t\t<span class=\"elementor-button-text\">Leer m\u00e1s<\/span>\n\t\t\t\t\t<\/span>\n\t\t\t\t\t<\/a>\n\t\t\t\t<\/div>\n\t\t\t\t\t\t\t\t<\/div>\n\t\t\t\t<\/div>\n\t\t\t\t<\/div>\n\t\t\t\t<\/div>\n\t\t\t\t\t<\/div>\n\t\t<\/div>\n\t\t\t\t\t\t<\/div>\n\t\t\t\t<\/div>\n\t\t\t\t<div class=\"elementor-element elementor-element-65dbdbe elementor-hidden-desktop elementor-hidden-tablet elementor-hidden-mobile elementor-widget elementor-widget-elementskit-simple-tab\" data-id=\"65dbdbe\" data-element_type=\"widget\" data-e-type=\"widget\" data-widget_type=\"elementskit-simple-tab.default\">\n\t\t\t\t<div class=\"elementor-widget-container\">\n\t\t\t\t\t<div class=\"ekit-wid-con\" >        <div class=\"elementkit-tab-wraper  \">\n            <ul class=\"nav nav-tabs elementkit-tab-nav  elementskit-fullwidth-tab\">\n                                    <li class=\"elementkit-nav-item elementor-repeater-item-f0c9c13\">\n                        <a class=\"elementkit-nav-link  active show left-pos\" id=\"content-f0c9c1369ec8b87984b4-tab\" data-ekit-handler-id=\"tab-f0c9c13\" data-ekit-toggle=\"tab\" data-target=\"#content-f0c9c1369ec8b87984b4\" href=\"#Content-f0c9c1369ec8b87984b4\"\n                            data-ekit-toggle-trigger=\"click\"\n                            aria-describedby=\"Content-f0c9c1369ec8b87984b4\">\n                            <div class=\"ekit-icon-image elementskit-tab-icon\"><img loading=\"lazy\" decoding=\"async\" width=\"150\" height=\"80\" src=\"https:\/\/lamarescapela.pt\/wp-content\/uploads\/twt-logo-1.webp\" class=\"attachment-full size-full\" alt=\"\" \/><\/div>                            <span class=\"elementskit-tab-title\"><\/span>\n                        <\/a>\n                    <\/li>\n                                        <li class=\"elementkit-nav-item elementor-repeater-item-bf907e3\">\n                        <a class=\"elementkit-nav-link  left-pos\" id=\"content-bf907e369ec8b87984b4-tab\" data-ekit-handler-id=\"tab-bf907e3\" data-ekit-toggle=\"tab\" data-target=\"#content-bf907e369ec8b87984b4\" href=\"#Content-bf907e369ec8b87984b4\"\n                            data-ekit-toggle-trigger=\"click\"\n                            aria-describedby=\"Content-bf907e369ec8b87984b4\">\n                            <div class=\"ekit-icon-image elementskit-tab-icon\"><img loading=\"lazy\" decoding=\"async\" width=\"150\" height=\"80\" src=\"https:\/\/lamarescapela.pt\/wp-content\/uploads\/cnnpt-logo.webp\" class=\"attachment-full size-full\" alt=\"\" \/><\/div>                            <span class=\"elementskit-tab-title\"><\/span>\n                        <\/a>\n                    <\/li>\n                                        <li class=\"elementkit-nav-item elementor-repeater-item-11a1667\">\n                        <a class=\"elementkit-nav-link  left-pos\" id=\"content-11a166769ec8b87984b4-tab\" data-ekit-handler-id=\"tab-11a1667\" data-ekit-toggle=\"tab\" data-target=\"#content-11a166769ec8b87984b4\" href=\"#Content-11a166769ec8b87984b4\"\n                            data-ekit-toggle-trigger=\"click\"\n                            aria-describedby=\"Content-11a166769ec8b87984b4\">\n                            <div class=\"ekit-icon-image elementskit-tab-icon\"><img loading=\"lazy\" decoding=\"async\" width=\"150\" height=\"80\" src=\"https:\/\/lamarescapela.pt\/wp-content\/uploads\/pdv-logo-1.webp\" class=\"attachment-full size-full\" alt=\"\" \/><\/div>                            <span class=\"elementskit-tab-title\"><\/span>\n                        <\/a>\n                    <\/li>\n                                        <li class=\"elementkit-nav-item elementor-repeater-item-d7dc00b\">\n                        <a class=\"elementkit-nav-link  left-pos\" id=\"content-d7dc00b69ec8b87984b4-tab\" data-ekit-handler-id=\"tab-d7dc00b\" data-ekit-toggle=\"tab\" data-target=\"#content-d7dc00b69ec8b87984b4\" href=\"#Content-d7dc00b69ec8b87984b4\"\n                            data-ekit-toggle-trigger=\"click\"\n                            aria-describedby=\"Content-d7dc00b69ec8b87984b4\">\n                            <div class=\"ekit-icon-image elementskit-tab-icon\"><img loading=\"lazy\" decoding=\"async\" width=\"150\" height=\"80\" src=\"https:\/\/lamarescapela.pt\/wp-content\/uploads\/vm-logo-1.webp\" class=\"attachment-full size-full\" alt=\"\" \/><\/div>                            <span class=\"elementskit-tab-title\"><\/span>\n                        <\/a>\n                    <\/li>\n                                        <li class=\"elementkit-nav-item elementor-repeater-item-3f9ee46\">\n                        <a class=\"elementkit-nav-link  left-pos\" id=\"content-3f9ee4669ec8b87984b4-tab\" data-ekit-handler-id=\"tab-3f9ee46\" data-ekit-toggle=\"tab\" data-target=\"#content-3f9ee4669ec8b87984b4\" href=\"#Content-3f9ee4669ec8b87984b4\"\n                            data-ekit-toggle-trigger=\"click\"\n                            aria-describedby=\"Content-3f9ee4669ec8b87984b4\">\n                            <div class=\"ekit-icon-image elementskit-tab-icon\"><img loading=\"lazy\" decoding=\"async\" width=\"150\" height=\"80\" src=\"https:\/\/lamarescapela.pt\/wp-content\/uploads\/banner-cabecalho.webp\" class=\"attachment-full size-full\" alt=\"\" \/><\/div>                            <span class=\"elementskit-tab-title\"><\/span>\n                        <\/a>\n                    <\/li>\n                                <\/ul>\n\n            <div class=\"tab-content elementkit-tab-content\">\n                                    <div class=\"tab-pane elementkit-tab-pane elementor-repeater-item-f0c9c13  active show\" id=\"content-f0c9c1369ec8b87984b4\" role=\"tabpanel\"\n                         aria-labelledby=\"content-f0c9c1369ec8b87984b4-tab\">\n                        <div class=\"animated fadeIn\">\n                            \t\t<div data-elementor-type=\"container\" data-elementor-id=\"62109\" class=\"elementor elementor-62109 elementor-61926 elementor-61926\" data-elementor-post-type=\"elementor_library\">\n\t\t\t\t<div class=\"elementor-element elementor-element-2145ecb e-flex e-con-boxed e-con e-parent\" data-id=\"2145ecb\" data-element_type=\"container\" data-e-type=\"container\">\n\t\t\t\t\t<div class=\"e-con-inner\">\n\t\t\t\t<div class=\"elementor-element elementor-element-daf977f elementor-widget elementor-widget-heading\" data-id=\"daf977f\" data-element_type=\"widget\" data-e-type=\"widget\" data-widget_type=\"heading.default\">\n\t\t\t\t<div class=\"elementor-widget-container\">\n\t\t\t\t\t<div class=\"elementor-heading-title elementor-size-default\"><a href=\"https:\/\/www.washingtontimes.com\/news\/2022\/feb\/9\/specialized-immigration-legal-services-for-america\/\" target=\"_blank\" rel=\"noopener\">Servicios jur\u00eddicos especializados en inmigraci\u00f3n para inversores estadounidenses<\/a><\/div>\t\t\t\t<\/div>\n\t\t\t\t<\/div>\n\t\t\t\t<div class=\"elementor-element elementor-element-d1c8dc1 elementor-widget elementor-widget-text-editor\" data-id=\"d1c8dc1\" data-element_type=\"widget\" data-e-type=\"widget\" data-widget_type=\"text-editor.default\">\n\t\t\t\t<div class=\"elementor-widget-container\">\n\t\t\t\t\t\t\t\t\t<p>Como bufete de abogados de inmigraci\u00f3n que trabaja directamente con inversores extranjeros a lo largo de los a\u00f1os, Lamares, Capela &amp; Associados ha ayudado a cientos de estadounidenses en el proceso de mudarse o invertir en Portugal, permiti\u00e9ndoles obtener con \u00e9xito la residencia legal, la ciudadan\u00eda portuguesa y beneficiarse de un r\u00e9gimen fiscal espec\u00edfico para residentes no habituales (RNH).<\/p>\n\t\t\t\t\t\t\t\t<\/div>\n\t\t\t\t<\/div>\n\t\t\t\t<div class=\"elementor-element elementor-element-0073583 elementor-align-right elementor-widget elementor-widget-button\" data-id=\"0073583\" data-element_type=\"widget\" data-e-type=\"widget\" data-widget_type=\"button.default\">\n\t\t\t\t<div class=\"elementor-widget-container\">\n\t\t\t\t\t\t\t\t\t<div class=\"elementor-button-wrapper\">\n\t\t\t\t\t<a class=\"elementor-button elementor-button-link elementor-size-sm\" href=\"https:\/\/www.washingtontimes.com\/news\/2022\/feb\/9\/specialized-immigration-legal-services-for-america\/\" target=\"_blank\" rel=\"noopener\">\n\t\t\t\t\t\t<span class=\"elementor-button-content-wrapper\">\n\t\t\t\t\t\t\t\t\t<span class=\"elementor-button-text\">Seguir leyendo<\/span>\n\t\t\t\t\t<\/span>\n\t\t\t\t\t<\/a>\n\t\t\t\t<\/div>\n\t\t\t\t\t\t\t\t<\/div>\n\t\t\t\t<\/div>\n\t\t\t\t\t<\/div>\n\t\t\t\t<\/div>\n\t\t\t\t<\/div>\n\t\t\n                        <\/div>\n                    <\/div>\n                                    <div class=\"tab-pane elementkit-tab-pane elementor-repeater-item-bf907e3 \" id=\"content-bf907e369ec8b87984b4\" role=\"tabpanel\"\n                         aria-labelledby=\"content-bf907e369ec8b87984b4-tab\">\n                        <div class=\"animated fadeIn\">\n                            \t\t<div data-elementor-type=\"container\" data-elementor-id=\"62103\" class=\"elementor elementor-62103 elementor-61952 elementor-61952\" data-elementor-post-type=\"elementor_library\">\n\t\t\t\t<div class=\"elementor-element elementor-element-2145ecb e-flex e-con-boxed e-con e-parent\" data-id=\"2145ecb\" data-element_type=\"container\" data-e-type=\"container\">\n\t\t\t\t\t<div class=\"e-con-inner\">\n\t\t\t\t<div class=\"elementor-element elementor-element-daf977f elementor-widget elementor-widget-heading\" data-id=\"daf977f\" data-element_type=\"widget\" data-e-type=\"widget\" data-widget_type=\"heading.default\">\n\t\t\t\t<div class=\"elementor-widget-container\">\n\t\t\t\t\t<div class=\"elementor-heading-title elementor-size-default\"><a href=\"https:\/\/tviplayer.iol.pt\/programa\/cnn-domingo\/619396440cf2c7ea0f08f9e9\/video\/648f46da0cf2665294e801df\" target=\"_blank\" rel=\"noopener\">Debate sobre cambios legales e inmigraci\u00f3n en CNN Portugal<\/a><\/div>\t\t\t\t<\/div>\n\t\t\t\t<\/div>\n\t\t\t\t<div class=\"elementor-element elementor-element-d1c8dc1 elementor-widget elementor-widget-text-editor\" data-id=\"d1c8dc1\" data-element_type=\"widget\" data-e-type=\"widget\" data-widget_type=\"text-editor.default\">\n\t\t\t\t<div class=\"elementor-widget-container\">\n\t\t\t\t\t\t\t\t\t<p>Diogo Capela, socio de Lamares, Capela &amp; Associados, particip\u00f3 en el programa de CNN Domingo, donde habl\u00f3 de los recientes cambios legales y de su impacto en la ley de inmigraci\u00f3n en Portugal. La entrevista abord\u00f3 cuestiones sobre el programa Golden Visa y la simplificaci\u00f3n de los procesos de inmigraci\u00f3n.<\/p>\n\t\t\t\t\t\t\t\t<\/div>\n\t\t\t\t<\/div>\n\t\t\t\t<div class=\"elementor-element elementor-element-0073583 elementor-align-right elementor-widget elementor-widget-button\" data-id=\"0073583\" data-element_type=\"widget\" data-e-type=\"widget\" data-widget_type=\"button.default\">\n\t\t\t\t<div class=\"elementor-widget-container\">\n\t\t\t\t\t\t\t\t\t<div class=\"elementor-button-wrapper\">\n\t\t\t\t\t<a class=\"elementor-button elementor-button-link elementor-size-sm\" href=\"https:\/\/tviplayer.iol.pt\/programa\/cnn-domingo\/619396440cf2c7ea0f08f9e9\/video\/648f46da0cf2665294e801df\" target=\"_blank\" rel=\"noopener\">\n\t\t\t\t\t\t<span class=\"elementor-button-content-wrapper\">\n\t\t\t\t\t\t\t\t\t<span class=\"elementor-button-text\">Seguir leyendo<\/span>\n\t\t\t\t\t<\/span>\n\t\t\t\t\t<\/a>\n\t\t\t\t<\/div>\n\t\t\t\t\t\t\t\t<\/div>\n\t\t\t\t<\/div>\n\t\t\t\t\t<\/div>\n\t\t\t\t<\/div>\n\t\t\t\t<\/div>\n\t\t\n                        <\/div>\n                    <\/div>\n                                    <div class=\"tab-pane elementkit-tab-pane elementor-repeater-item-11a1667 \" id=\"content-11a166769ec8b87984b4\" role=\"tabpanel\"\n                         aria-labelledby=\"content-11a166769ec8b87984b4-tab\">\n                        <div class=\"animated fadeIn\">\n                            \t\t<div data-elementor-type=\"container\" data-elementor-id=\"62107\" class=\"elementor elementor-62107 elementor-61936 elementor-61936\" data-elementor-post-type=\"elementor_library\">\n\t\t\t\t<div class=\"elementor-element elementor-element-2145ecb e-flex e-con-boxed e-con e-parent\" data-id=\"2145ecb\" data-element_type=\"container\" data-e-type=\"container\">\n\t\t\t\t\t<div class=\"e-con-inner\">\n\t\t\t\t<div class=\"elementor-element elementor-element-daf977f elementor-widget elementor-widget-heading\" data-id=\"daf977f\" data-element_type=\"widget\" data-e-type=\"widget\" data-widget_type=\"heading.default\">\n\t\t\t\t<div class=\"elementor-widget-container\">\n\t\t\t\t\t<div class=\"elementor-heading-title elementor-size-default\"><a href=\"https:\/\/pontosdevista.pt\/2024\/04\/22\/a-mudanca-legal-representa-um-passo-positivo\/\" target=\"_blank\" rel=\"noopener\">El cambio legal representa un paso positivo<\/a><\/div>\t\t\t\t<\/div>\n\t\t\t\t<\/div>\n\t\t\t\t<div class=\"elementor-element elementor-element-d1c8dc1 elementor-widget elementor-widget-text-editor\" data-id=\"d1c8dc1\" data-element_type=\"widget\" data-e-type=\"widget\" data-widget_type=\"text-editor.default\">\n\t\t\t\t<div class=\"elementor-widget-container\">\n\t\t\t\t\t\t\t\t\t<p>Diogo Capela y Ana Sofia Lamares, socios del bufete Lamares, Capela &amp; Associados (LACA), destacan los recientes cambios en la obtenci\u00f3n de la nacionalidad portuguesa y en el r\u00e9gimen fiscal de los residentes en Portugal, incluido el programa Golden Visa. Estos cambios prometen simplificar el proceso para los solicitantes y podr\u00edan impulsar la inversi\u00f3n extranjera en el pa\u00eds.<\/p>\n\t\t\t\t\t\t\t\t<\/div>\n\t\t\t\t<\/div>\n\t\t\t\t<div class=\"elementor-element elementor-element-0073583 elementor-align-right elementor-widget elementor-widget-button\" data-id=\"0073583\" data-element_type=\"widget\" data-e-type=\"widget\" data-widget_type=\"button.default\">\n\t\t\t\t<div class=\"elementor-widget-container\">\n\t\t\t\t\t\t\t\t\t<div class=\"elementor-button-wrapper\">\n\t\t\t\t\t<a class=\"elementor-button elementor-button-link elementor-size-sm\" href=\"https:\/\/pontosdevista.pt\/2024\/04\/22\/a-mudanca-legal-representa-um-passo-positivo\/\" target=\"_blank\" rel=\"noopener\">\n\t\t\t\t\t\t<span class=\"elementor-button-content-wrapper\">\n\t\t\t\t\t\t\t\t\t<span class=\"elementor-button-text\">Seguir leyendo<\/span>\n\t\t\t\t\t<\/span>\n\t\t\t\t\t<\/a>\n\t\t\t\t<\/div>\n\t\t\t\t\t\t\t\t<\/div>\n\t\t\t\t<\/div>\n\t\t\t\t\t<\/div>\n\t\t\t\t<\/div>\n\t\t\t\t<\/div>\n\t\t\n                        <\/div>\n                    <\/div>\n                                    <div class=\"tab-pane elementkit-tab-pane elementor-repeater-item-d7dc00b \" id=\"content-d7dc00b69ec8b87984b4\" role=\"tabpanel\"\n                         aria-labelledby=\"content-d7dc00b69ec8b87984b4-tab\">\n                        <div class=\"animated fadeIn\">\n                            \t\t<div data-elementor-type=\"container\" data-elementor-id=\"62105\" class=\"elementor elementor-62105 elementor-61942 elementor-61942\" data-elementor-post-type=\"elementor_library\">\n\t\t\t\t<div class=\"elementor-element elementor-element-2145ecb e-flex e-con-boxed e-con e-parent\" data-id=\"2145ecb\" data-element_type=\"container\" data-e-type=\"container\">\n\t\t\t\t\t<div class=\"e-con-inner\">\n\t\t\t\t<div class=\"elementor-element elementor-element-daf977f elementor-widget elementor-widget-heading\" data-id=\"daf977f\" data-element_type=\"widget\" data-e-type=\"widget\" data-widget_type=\"heading.default\">\n\t\t\t\t<div class=\"elementor-widget-container\">\n\t\t\t\t\t<div class=\"elementor-heading-title elementor-size-default\"><a href=\"https:\/\/www.valormagazine.pt\/o-direito-da-imigracao-tem-vindo-a-ganhar-relevancia\/\" target=\"_blank\" rel=\"noopener\">El Derecho de inmigraci\u00f3n es cada vez m\u00e1s importante<\/a><\/div>\t\t\t\t<\/div>\n\t\t\t\t<\/div>\n\t\t\t\t<div class=\"elementor-element elementor-element-d1c8dc1 elementor-widget elementor-widget-text-editor\" data-id=\"d1c8dc1\" data-element_type=\"widget\" data-e-type=\"widget\" data-widget_type=\"text-editor.default\">\n\t\t\t\t<div class=\"elementor-widget-container\">\n\t\t\t\t\t\t\t\t\t<p>Diogo Capela, socio de Lamares, Capela &amp; Associados, aborda la creciente importancia del Derecho de Inmigraci\u00f3n en Portugal, destacando el impacto del Programa Golden Visa y la necesidad de mejoras en los procesos administrativos. Tambi\u00e9n analiza el papel de la Agencia de Integraci\u00f3n, Migraci\u00f3n y Asilo (AIMA) y sugiere formas de simplificar la entrada de inmigrantes.<\/p>\n\t\t\t\t\t\t\t\t<\/div>\n\t\t\t\t<\/div>\n\t\t\t\t<div class=\"elementor-element elementor-element-0073583 elementor-align-right elementor-widget elementor-widget-button\" data-id=\"0073583\" data-element_type=\"widget\" data-e-type=\"widget\" data-widget_type=\"button.default\">\n\t\t\t\t<div class=\"elementor-widget-container\">\n\t\t\t\t\t\t\t\t\t<div class=\"elementor-button-wrapper\">\n\t\t\t\t\t<a class=\"elementor-button elementor-button-link elementor-size-sm\" href=\"https:\/\/www.valormagazine.pt\/o-direito-da-imigracao-tem-vindo-a-ganhar-relevancia\/\" target=\"_blank\" rel=\"noopener\">\n\t\t\t\t\t\t<span class=\"elementor-button-content-wrapper\">\n\t\t\t\t\t\t\t\t\t<span class=\"elementor-button-text\">Seguir leyendo<\/span>\n\t\t\t\t\t<\/span>\n\t\t\t\t\t<\/a>\n\t\t\t\t<\/div>\n\t\t\t\t\t\t\t\t<\/div>\n\t\t\t\t<\/div>\n\t\t\t\t\t<\/div>\n\t\t\t\t<\/div>\n\t\t\t\t<\/div>\n\t\t\n                        <\/div>\n                    <\/div>\n                                    <div class=\"tab-pane elementkit-tab-pane elementor-repeater-item-3f9ee46 \" id=\"content-3f9ee4669ec8b87984b4\" role=\"tabpanel\"\n                         aria-labelledby=\"content-3f9ee4669ec8b87984b4-tab\">\n                        <div class=\"animated fadeIn\">\n                            \t\t<div data-elementor-type=\"container\" data-elementor-id=\"62101\" class=\"elementor elementor-62101 elementor-61958 elementor-61958\" data-elementor-post-type=\"elementor_library\">\n\t\t\t\t<div class=\"elementor-element elementor-element-2145ecb e-flex e-con-boxed e-con e-parent\" data-id=\"2145ecb\" data-element_type=\"container\" data-e-type=\"container\">\n\t\t\t\t\t<div class=\"e-con-inner\">\n\t\t\t\t<div class=\"elementor-element elementor-element-daf977f elementor-widget elementor-widget-heading\" data-id=\"daf977f\" data-element_type=\"widget\" data-e-type=\"widget\" data-widget_type=\"heading.default\">\n\t\t\t\t<div class=\"elementor-widget-container\">\n\t\t\t\t\t<div class=\"elementor-heading-title elementor-size-default\"><a href=\"https:\/\/issuu.com\/revistabusinessportugal\/docs\/rbp_julho_2024_\/76\" target=\"_blank\" rel=\"noopener\">Un agente activo en la creaci\u00f3n de soluciones<\/a><\/div>\t\t\t\t<\/div>\n\t\t\t\t<\/div>\n\t\t\t\t<div class=\"elementor-element elementor-element-d1c8dc1 elementor-widget elementor-widget-text-editor\" data-id=\"d1c8dc1\" data-element_type=\"widget\" data-e-type=\"widget\" data-widget_type=\"text-editor.default\">\n\t\t\t\t<div class=\"elementor-widget-container\">\n\t\t\t\t\t\t\t\t\t<p>En el escenario actual de constante movimiento y transformaci\u00f3n, la inmigraci\u00f3n es una cuesti\u00f3n central tanto para los individuos como para los pa\u00edses que buscan capitalizar la diversidad y el talento internacional. Lamares, Capela &amp; Associados (LACA) se distingue por ofrecer soluciones jur\u00eddicas innovadoras y un servicio completo a sus clientes. Los socios fundadores Ana Sofia Lamares y Diogo Capela debaten los cambios en la Ley de Nacionalidad portuguesa y la importancia de que Portugal evolucione en sus pol\u00edticas de inmigraci\u00f3n.<\/p>\n\t\t\t\t\t\t\t\t<\/div>\n\t\t\t\t<\/div>\n\t\t\t\t<div class=\"elementor-element elementor-element-0073583 elementor-align-right elementor-widget elementor-widget-button\" data-id=\"0073583\" data-element_type=\"widget\" data-e-type=\"widget\" data-widget_type=\"button.default\">\n\t\t\t\t<div class=\"elementor-widget-container\">\n\t\t\t\t\t\t\t\t\t<div class=\"elementor-button-wrapper\">\n\t\t\t\t\t<a class=\"elementor-button elementor-button-link elementor-size-sm\" href=\"https:\/\/issuu.com\/revistabusinessportugal\/docs\/rbp_julho_2024_\/76\" target=\"_blank\" rel=\"noopener\">\n\t\t\t\t\t\t<span class=\"elementor-button-content-wrapper\">\n\t\t\t\t\t\t\t\t\t<span class=\"elementor-button-text\">Seguir leyendo<\/span>\n\t\t\t\t\t<\/span>\n\t\t\t\t\t<\/a>\n\t\t\t\t<\/div>\n\t\t\t\t\t\t\t\t<\/div>\n\t\t\t\t<\/div>\n\t\t\t\t\t<\/div>\n\t\t\t\t<\/div>\n\t\t\t\t<\/div>\n\t\t\n                        <\/div>\n                    <\/div>\n                                \n            <\/div>\n                    <\/div>\n    <\/div>\t\t\t\t<\/div>\n\t\t\t\t<\/div>\n\t\t\t\t\t<\/div>\n\t\t\t\t<\/div>\n\t\t\t\t<\/div>\n\t\t","protected":false},"excerpt":{"rendered":"<p>Integridad Actuamos con justicia y lealtad, teniendo la \u00e9tica profesional como prioridad. Excelencia Estamos orgullosos del servicio que brindamos. Proximidad Estamos atentos a las necesidades de nuestros clientes y disponibles para ellos. Agilidad Somos innovadores y tenemos una pol\u00edtica de respuesta r\u00e1pida. Flexibilidad Somos flexibles y personalizamos la experiencia de cada cliente. Lamares, Capela &amp; [&hellip;]<\/p>\n","protected":false},"author":8,"featured_media":4967,"parent":0,"menu_order":3,"comment_status":"closed","ping_status":"closed","template":"elementor_header_footer","meta":{"_acf_changed":false,"footnotes":""},"class_list":["post-40273","page","type-page","status-publish","has-post-thumbnail","hentry"],"acf":[],"_links":{"self":[{"href":"https:\/\/lamarescapela.pt\/es\/wp-json\/wp\/v2\/pages\/40273","targetHints":{"allow":["GET"]}}],"collection":[{"href":"https:\/\/lamarescapela.pt\/es\/wp-json\/wp\/v2\/pages"}],"about":[{"href":"https:\/\/lamarescapela.pt\/es\/wp-json\/wp\/v2\/types\/page"}],"author":[{"embeddable":true,"href":"https:\/\/lamarescapela.pt\/es\/wp-json\/wp\/v2\/users\/8"}],"replies":[{"embeddable":true,"href":"https:\/\/lamarescapela.pt\/es\/wp-json\/wp\/v2\/comments?post=40273"}],"version-history":[{"count":8,"href":"https:\/\/lamarescapela.pt\/es\/wp-json\/wp\/v2\/pages\/40273\/revisions"}],"predecessor-version":[{"id":95421,"href":"https:\/\/lamarescapela.pt\/es\/wp-json\/wp\/v2\/pages\/40273\/revisions\/95421"}],"wp:featuredmedia":[{"embeddable":true,"href":"https:\/\/lamarescapela.pt\/es\/wp-json\/wp\/v2\/media\/4967"}],"wp:attachment":[{"href":"https:\/\/lamarescapela.pt\/es\/wp-json\/wp\/v2\/media?parent=40273"}],"curies":[{"name":"wp","href":"https:\/\/api.w.org\/{rel}","templated":true}]}}